{"id":451,"date":"2017-10-11T18:15:59","date_gmt":"2017-10-11T18:15:59","guid":{"rendered":"http:\/\/coeduc.org\/es\/?page_id=451"},"modified":"2026-04-23T08:41:20","modified_gmt":"2026-04-23T13:41:20","slug":"personal","status":"publish","type":"page","link":"https:\/\/coeduc.org\/es\/personal\/","title":{"rendered":"Personal"},"content":{"rendered":"<p>[et_pb_section fb_built=&#8221;1&#8243; fullwidth=&#8221;on&#8221; _builder_version=&#8221;4.16&#8243; global_colors_info=&#8221;{}&#8221;][et_pb_fullwidth_header title=&#8221;Personal&#8221; text_orientation=&#8221;center&#8221; header_fullscreen=&#8221;on&#8221; header_scroll_down=&#8221;on&#8221; scroll_down_icon_color=&#8221;#ffffff&#8221; background_overlay_color=&#8221;rgba(0,0,0,0.5)&#8221; admin_label=&#8221;Personal&#8221; _builder_version=&#8221;4.21.0&#8243; background_color=&#8221;rgba(255, 255, 255, 0)&#8221; background_image=&#8221;https:\/\/coeduc.org\/es\/wp-content\/uploads\/2023\/11\/52702305067_2773ed54dc_k.jpg&#8221; max_width_tablet=&#8221;50px&#8221; global_colors_info=&#8221;{}&#8221; button_one_text_size__hover_enabled=&#8221;off&#8221; button_one_text_size__hover=&#8221;null&#8221; button_two_text_size__hover_enabled=&#8221;off&#8221; button_two_text_size__hover=&#8221;null&#8221; button_one_text_color__hover_enabled=&#8221;off&#8221; button_one_text_color__hover=&#8221;null&#8221; button_two_text_color__hover_enabled=&#8221;off&#8221; button_two_text_color__hover=&#8221;null&#8221; button_one_border_width__hover_enabled=&#8221;off&#8221; button_one_border_width__hover=&#8221;null&#8221; button_two_border_width__hover_enabled=&#8221;off&#8221; button_two_border_width__hover=&#8221;null&#8221; button_one_border_color__hover_enabled=&#8221;off&#8221; button_one_border_color__hover=&#8221;null&#8221; button_two_border_color__hover_enabled=&#8221;off&#8221; button_two_border_color__hover=&#8221;null&#8221; button_one_border_radius__hover_enabled=&#8221;off&#8221; button_one_border_radius__hover=&#8221;null&#8221; button_two_border_radius__hover_enabled=&#8221;off&#8221; button_two_border_radius__hover=&#8221;null&#8221; button_one_letter_spacing__hover_enabled=&#8221;off&#8221; button_one_letter_spacing__hover=&#8221;null&#8221; button_two_letter_spacing__hover_enabled=&#8221;off&#8221; button_two_letter_spacing__hover=&#8221;null&#8221; button_one_bg_color__hover_enabled=&#8221;off&#8221; button_one_bg_color__hover=&#8221;null&#8221; button_two_bg_color__hover_enabled=&#8221;off&#8221; button_two_bg_color__hover=&#8221;null&#8221;][\/et_pb_fullwidth_header][\/et_pb_section][et_pb_section fb_built=&#8221;1&#8243; admin_label=&#8221;section&#8221; _builder_version=&#8221;4.16&#8243; global_colors_info=&#8221;{}&#8221;][et_pb_row admin_label=&#8221;row&#8221; _builder_version=&#8221;4.16&#8243; background_size=&#8221;initial&#8221; background_position=&#8221;top_left&#8221; background_repeat=&#8221;repeat&#8221; global_colors_info=&#8221;{}&#8221;][et_pb_column type=&#8221;4_4&#8243; _builder_version=&#8221;4.16&#8243; custom_padding=&#8221;|||&#8221; global_colors_info=&#8221;{}&#8221; custom_padding__hover=&#8221;|||&#8221;][et_pb_toggle title=&#8221;Liderazgo Ejecutivo&#8221; open_toggle_text_color=&#8221;#00337f&#8221; open_toggle_background_color=&#8221;#f4f4f4&#8243; closed_toggle_text_color=&#8221;#00337f&#8221; admin_label=&#8221;Liderazgo Ejecutivo&#8221; _builder_version=&#8221;4.27.2&#8243; title_font_size=&#8221;42&#8243; title_font_size_tablet=&#8221;&#8221; title_font_size_phone=&#8221;30&#8243; title_font_size_last_edited=&#8221;on|phone&#8221; global_colors_info=&#8221;{}&#8221;]<\/p>\n<h4><img loading=\"lazy\" decoding=\"async\" class=\"wp-image-2372 alignnone size-medium alignright\" src=\"https:\/\/coeduc.org\/es\/wp-content\/uploads\/2024\/04\/Joe.jpg\" alt=\"\" width=\"270\" height=\"270\" \/><\/h4>\n<h4 style=\"text-align: left;\">Joseph Berninger<\/h4>\n<p><em><strong>Co-Fundador\/Director Ejecutivo<\/strong><\/em><\/p>\n<ul>\n<li>Ex representante de mercadeo de la Corporaci\u00f3n de IBM<\/li>\n<li>Maestr\u00eda en Estudios Religiosos en la Universidad de Colorado<\/li>\n<li>Licenciatura en Historia en la Universidad Xavier<\/li>\n<li>Ha implementado proyectos de desarrollo en Guatemala desde 1997<\/li>\n<\/ul>\n<p>Como Director Ejecutivo, Joe es responsable de establecer y supervisar la estrategia, visi\u00f3n y direcci\u00f3n organizacional de Cooperative for Education, as\u00ed como de la gesti\u00f3n y supervisi\u00f3n general de las operaciones en EE. UU. Adem\u00e1s, expande el alcance de COED a trav\u00e9s de la gesti\u00f3n de relaciones con donantes y co-lidera los procesos de planificaci\u00f3n estrat\u00e9gica en las diferentes oficinas.<\/p>\n<hr \/>\n<h4><img loading=\"lazy\" decoding=\"async\" class=\"wp-image-2372 alignnone size-medium alignright\" src=\"https:\/\/coeduc.org\/es\/wp-content\/uploads\/2024\/06\/Johanna-Wessels.jpg\" alt=\"\" width=\"270\" height=\"270\" \/><\/h4>\n<h4>Joanne Wessels<\/h4>\n<p><em><strong>Directora General de Operaciones en Guatemala<\/strong><\/em><\/p>\n<ul>\n<li>16 a\u00f1os de experiencia en desarrollo, incluyendo experiencia como directora de programas, directora ejecutiva interina y consultora de estrategia con varias organizaciones no gubernamentales y organizaciones <span style=\"font-weight: 400;\">\u00a0internacionales no gubernamentale<\/span> en Guatemala.<\/li>\n<li>Trabajos de curso en seguimiento y evaluaci\u00f3n, liderazgo humanitario, desarrollo de la primera infancia y objetivos de desarrollo sostenible.<\/li>\n<li>Maestr\u00eda en Administraci\u00f3n P\u00fablica, de Universidad de Twente, los Pa\u00edses Bajos con especializaci\u00f3n en Relaciones Internacionales e Integraci\u00f3n Europea<\/li>\n<\/ul>\n<p>Como Directora General de Operaciones en Guatemala, Joanne es responsable de la administraci\u00f3n, supervisi\u00f3n y la efectividad general de los programas y operaciones de Guatemala. Tambi\u00e9n coordina la implementaci\u00f3n del plan estrat\u00e9gico y los planes operativos del programa.<\/p>\n<p>[\/et_pb_toggle][et_pb_toggle title=&#8221;Estrategia de Programa y Evaluaci\u00f3n&#8221; open_toggle_text_color=&#8221;#00337f&#8221; open_toggle_background_color=&#8221;#f4f4f4&#8243; closed_toggle_text_color=&#8221;#00337f&#8221; admin_label=&#8221;Estrategia de Programa y Evaluaci\u00f3n&#8221; _builder_version=&#8221;4.27.2&#8243; title_font_size=&#8221;42&#8243; title_font_size_tablet=&#8221;&#8221; title_font_size_phone=&#8221;30&#8243; title_font_size_last_edited=&#8221;on|phone&#8221; global_colors_info=&#8221;{}&#8221;]<\/p>\n<h4><img loading=\"lazy\" decoding=\"async\" style=\"float: right;\" src=\"https:\/\/coeduc.org\/es\/wp-content\/uploads\/2024\/04\/Mayra.jpg\" width=\"270\" height=\"270\" \/><\/h4>\n<h4>Mayra Sidler Guzman<\/h4>\n<p><em><strong>Gerente de Programas Internacionales<br \/><\/strong><\/em><\/p>\n<ul>\n<li>Graduada de la Universidad de Northern Kentucky con su Maestria en Administracion Publica y ONGs (Organizaciones No Gubernamentales), y Licenciatura en Sociolog\u00eda<\/li>\n<li>Experiencia en el sector de ONGs, incluyendo servicio en el equipo de Directores del Latino Leadership &amp; College Experience Camp.<\/li>\n<li>Experiencia trabajando en el sistema educativo como enlace comunitario\/int\u00e9rprete.<\/li>\n<\/ul>\n<p><span style=\"font-weight: 400;\">Como Gerente de Programas Internacionales, Mayra organiza el proceso de planificaci\u00f3n estrat\u00e9gica, coordina el Monitoreo, Evaluaci\u00f3n, Rendici\u00f3n de Cuentas y Aprendizaje (MEAL), y optimiza sistemas y tecnolog\u00eda. Co-lidera iniciativas estrat\u00e9gicas, colabora con equipos en EE. UU. y Guatemala, y consulta con ONG en EE. UU. para compartir conocimientos y mejores pr\u00e1cticas<\/span><\/p>\n<p>[\/et_pb_toggle][et_pb_toggle title=&#8221;Programa de Libros de Texto&#8221; open_toggle_text_color=&#8221;#00337f&#8221; open_toggle_background_color=&#8221;#f4f4f4&#8243; closed_toggle_text_color=&#8221;#00337f&#8221; admin_label=&#8221;Programa de Libros de Texto&#8221; _builder_version=&#8221;4.27.4&#8243; title_font_size=&#8221;42&#8243; title_font_size_tablet=&#8221;&#8221; title_font_size_phone=&#8221;30&#8243; title_font_size_last_edited=&#8221;on|phone&#8221; global_colors_info=&#8221;{}&#8221;]<\/p>\n<h4 style=\"text-align: left;\"><img loading=\"lazy\" decoding=\"async\" class=\"wp-image-2480 size-medium alignright\" src=\"https:\/\/coeduc.org\/es\/wp-content\/uploads\/2024\/03\/Harold-Cobar.jpg\" alt=\"\" width=\"270\" height=\"270\" \/>Harold C\u00f3bar<\/h4>\n<p><em><strong>Coordinador del Programa de Libros de Texto<\/strong><\/em><\/p>\n<ul>\n<li>13 a\u00f1os de experiencia como Coordinador y Director de la revista Futuro de la Universidad Galileo.<\/li>\n<li>Licenciatura en Inform\u00e1tica y Administraci\u00f3n de Empresas en la Universidad Galileo de Guatemala.<\/li>\n<li>Cursos aprobados de la Maestr\u00eda en Calidad y Manejo de Rehabilitaci\u00f3n en la Universidad Galileo.<\/li>\n<\/ul>\n<p>Como Coordinador del Programa de Libros de Texto, Harold es responsable del manejo general del programa, incluyendo el dise\u00f1o, implementaci\u00f3n, efectividad y administraci\u00f3n del fondo revolvente. Como miembro del equipo de liderazgo local, desempe\u00f1a un papel clave en establecer la direcci\u00f3n estrat\u00e9gica tanto del Programa de Libros de Texto como de la estrategia general de programas de COED.<\/p>\n<hr \/>\n<h4><img loading=\"lazy\" decoding=\"async\" class=\"wp-image-2459 alignnone size-medium\" style=\"float: right;\" src=\"https:\/\/coeduc.org\/es\/wp-content\/uploads\/2024\/01\/Luis-Xicay-300x300.jpg\" alt=\"\" width=\"270\" height=\"270\" \/><\/h4>\n<h4>Luis Xicay<\/h4>\n<p><em><strong>T\u00e9cnico Educativo<\/strong><\/em><\/p>\n<ul>\n<li>29 a\u00f1os de experiencia en educaci\u00f3n.<\/li>\n<li>Ex Director Administrativo de varias escuelas p\u00fablicas incluyendo el Instituto de Educaci\u00f3n B\u00e1sica por Cooperativa, Cerritos Asunci\u00f3n.<\/li>\n<\/ul>\n<p>Como T\u00e9cnico Educativo, Luis es responsable de monitorear las actividades del programa Libros de Textos, as\u00ed como brindar apoyo a docentes y directores del programa, asegur\u00e1ndose de recaudar los fondos revolventes\u00a0 y realizando evaluaciones del programa.\u00a0 Tambi\u00e9n brinda apoyo en las visitas a donantes.<\/p>\n<hr \/>\n<h4><img loading=\"lazy\" decoding=\"async\" class=\"wp-image-2459 alignnone size-medium\" style=\"float: right;\" src=\"https:\/\/coeduc.org\/es\/wp-content\/uploads\/2025\/02\/Sergio.png\" alt=\"\" width=\"270\" height=\"270\" \/><\/h4>\n<h4>Sergio Geovanny Marroqu\u00edn G\u00f3mez<\/h4>\n<p><em><strong>T\u00e9cnico Educativo<\/strong><\/em><\/p>\n<ul>\n<li>Licenciatura en la ense\u00f1anza de la F\u00edsica y Matem\u00e1ticas de la universidad San Carlos de Guatemala.<\/li>\n<li>12 a\u00f1os de experiencia como docente.<\/li>\n<\/ul>\n<p>Como T\u00e9cnico Educativo Capacitador, Sergio es responsable de coordinar la capacitaci\u00f3n con\u00a0 docentes y supervisar las actividades del programa Libros de Texto, as\u00ed como el apoyo que da a docentes y directores del programa, asegur\u00e1ndose de recaudar los fondos revolventes y realizando evaluaciones del programa. Tambi\u00e9n brinda apoyo en las visitas a donantes.<\/p>\n<hr \/>\n<h4><img loading=\"lazy\" decoding=\"async\" class=\"wp-image-2459 alignnone size-medium\" style=\"float: right;\" src=\"https:\/\/coeduc.org\/es\/wp-content\/uploads\/2024\/01\/Alann-Canel.jpg\" alt=\"\" width=\"270\" height=\"270\" \/><\/h4>\n<h4>Alann Emilio Canel Monterroso<\/h4>\n<p><em><strong>T\u00e9cnico Educativo Capacitador<\/strong><\/em><\/p>\n<ul>\n<li>Licenciatura en Pedagog\u00eda y Administraci\u00f3n Educativa de la universidad San Carlos de Guatemala.<\/li>\n<li>3 a\u00f1os de experiencia como docente.<\/li>\n<li>16 a\u00f1os de experiencia como Analista y Supervisor de Centro De Atenci\u00f3n Telef\u00f3nica.<\/li>\n<li>Un a\u00f1o de experiencia como Supervisor T\u00e9cnico en Asociaci\u00f3n COED.<\/li>\n<\/ul>\n<p>Como Tecnico Educativo Capacitador, Alann es responsable de coordinar la capacitaci\u00f3n con docentes y supervisar las actividades del programa Libros de Texto, asi como el apoyo que da a docentes y directores del programa, asegurandose de recaudar los fondos revolventes y realizando evaluaciones del programa. Tambien brinda apoyo en las visitas a donantes.<\/p>\n<hr \/>\n<h4><img loading=\"lazy\" decoding=\"async\" class=\"wp-image-2459 alignnone size-medium\" style=\"float: right;\" src=\"https:\/\/coeduc.org\/es\/wp-content\/uploads\/2024\/01\/Maritza-Rodriguez.jpg\" alt=\"\" width=\"270\" height=\"270\" \/><\/h4>\n<h4>Maritza Rodr\u00edguez<\/h4>\n<p><em><strong>Asistente Administrativa<\/strong><\/em><\/p>\n<ul>\n<li>Experiencia como Asistente en TACRE de Guatemala (Diners Club International).<\/li>\n<li>Cursos aprobados en Administraci\u00f3n de Empresas y Sistemas de informaci\u00f3n en la Universidad FISICC-IDEA, Galileo.<\/li>\n<\/ul>\n<p>Como la Asistente del Programa Libros de Texto, Maritza es responsable de llevar a cabo los procesos administrativos que permitan que el programa funcione, como la gesti\u00f3n de los registros de los institutos del programa y el apoyo secretarial.<\/p>\n<p>[\/et_pb_toggle][et_pb_toggle title=&#8221;Programa de Centros de Tecnolog\u00eda Educativa&#8221; open_toggle_text_color=&#8221;#00337f&#8221; open_toggle_background_color=&#8221;#f4f4f4&#8243; closed_toggle_text_color=&#8221;#00337f&#8221; admin_label=&#8221;Programa de Centros de Tecnolog\u00eda Educativa&#8221; _builder_version=&#8221;4.27.2&#8243; title_font_size=&#8221;42&#8243; title_font_size_tablet=&#8221;&#8221; title_font_size_phone=&#8221;30&#8243; title_font_size_last_edited=&#8221;on|phone&#8221; global_colors_info=&#8221;{}&#8221;]<\/p>\n<h4 style=\"text-align: right;\"><img loading=\"lazy\" decoding=\"async\" class=\"wp-image-2480 size-medium alignright\" src=\"https:\/\/coeduc.org\/es\/wp-content\/uploads\/2024\/03\/Miguel-Quinteros-300x300.jpg\" alt=\"\" width=\"270\" height=\"270\" \/><\/h4>\n<h4>Miguel Quinteros<\/h4>\n<p><em><strong>Coordinador del Programa Centros de Tecnolog\u00eda Educativa<\/strong><\/em><\/p>\n<ul>\n<li>6 a\u00f1os de experiencia en finanzas en Credomatic de Guatemala<\/li>\n<li>2 a\u00f1os de experiencia como Auxiliar Contable en Distribuidora Alcazaren<\/li>\n<li>Licenciatura de Administraci\u00f3n de Empresas en la Universidad Mariano G\u00e1lvez<\/li>\n<\/ul>\n<p><span style=\"font-weight: 400;\">Como Coordinador del Programa de Centros de Tecnolog\u00eda Educativa, Miguel es responsable del manejo general del programa, incluyendo el dise\u00f1o, implementaci\u00f3n, efectividad y administraci\u00f3n del fondo revolvente. Como miembro del equipo de liderazgo local, desempe\u00f1a un papel clave en establecer la direcci\u00f3n estrat\u00e9gica tanto del Programa de Centros de Tecnolog\u00eda Educativa como de la estrategia general de programas de COED.<\/span><\/p>\n<hr \/>\n<h4><img loading=\"lazy\" decoding=\"async\" class=\"wp-image-2469 alignnone size-medium\" style=\"float: right;\" src=\"https:\/\/coeduc.org\/es\/wp-content\/uploads\/2024\/01\/Leonel-del-Valle-300x300.jpg\" alt=\"\" width=\"270\" height=\"270\" \/><\/h4>\n<h4>Leonel del Valle Rodr\u00edguez<\/h4>\n<p><em><strong>Asesor Regional de Centros de Computaci\u00f3n<\/strong><\/em><\/p>\n<ul>\n<li>T\u00e9cnico en Inform\u00e1tica y Administraci\u00f3n por la Universidad Galileo<\/li>\n<li>T\u00e9cnico en Computaci\u00f3n, por la academia ACCESA<\/li>\n<li>3 a\u00f1os de experiencia como Supervisor en la Asociaci\u00f3n ADRI<\/li>\n<li>M\u00e1s de 11 a\u00f1os de experiencia como maestro de computaci\u00f3n en diferentes instituciones como Intecap, Universidad Da Vinci<\/li>\n<\/ul>\n<p>Como Asesor Regional de Centros de Computaci\u00f3n, Leonel es responsable de las operaciones de los centros que involucran el manejo administrativo, pedag\u00f3gico, y t\u00e9cnico. El tambi\u00e9n prepara el equipo de c\u00f3mputo para la instalaci\u00f3n en nuevos centros.<\/p>\n<hr \/>\n<h4 style=\"text-align: right;\"><img loading=\"lazy\" decoding=\"async\" class=\"wp-image-2480 size-medium alignright\" src=\"https:\/\/coeduc.org\/es\/wp-content\/uploads\/2024\/03\/Ervin-Geovany-Perez.jpg\" alt=\"\" width=\"270\" height=\"270\" \/><\/h4>\n<h4>Geovany P\u00e9rez<\/h4>\n<p><em><strong>Asesor del Programa Centros de Tecnolog\u00eda Educativa<\/strong><\/em><\/p>\n<ul>\n<li>7 a\u00f1os de experiencia como maestro de computaci\u00f3n y matem\u00e1ticas en el Instituto Lo de Coy e Instituto por Cooperativa IBC<\/li>\n<li>5 a\u00f1os de experiencia en Soporte T\u00e9cnico y Administraci\u00f3n de la empresa CESC<\/li>\n<li>Actualmente estudiando Ingenier\u00eda en Sistemas en la Universidad de San Carlos de Guatemala<\/li>\n<\/ul>\n<p>Como Asesor del Programa Centros de Tecnolog\u00eda Educativa, Geovany es responsable de las operaciones de los centros que involucran el manejo administrativo, pedag\u00f3gico, y t\u00e9cnico.\u00a0 El tambi\u00e9n prepara el equipo de c\u00f3mputo para la instalaci\u00f3n de nuevos centros.<\/p>\n<hr \/>\n<h4 style=\"text-align: right;\"><img loading=\"lazy\" decoding=\"async\" class=\"wp-image-2480 size-medium alignright\" src=\"https:\/\/coeduc.org\/es\/wp-content\/uploads\/2024\/01\/Edwin-Pu.jpg\" alt=\"\" width=\"270\" height=\"270\" \/><\/h4>\n<h4>Edwin P\u00fa<\/h4>\n<p><em><strong>Asesor del Programa Centros de Tecnolog\u00eda Educativa<\/strong><\/em><\/p>\n<ul>\n<li><span class=\"ui-provider a b c d e f g h i j k l m n o p q r s t u v w x y z ab ac ae af ag ah ai aj ak\" dir=\"ltr\">Bachiller en Ciencias y letras<\/span><\/li>\n<li>7 a\u00f1os de experiencia como maestro de computaci\u00f3n y matem\u00e1ticas en el Instituto Lo de Coy e Instituto por Cooperativa IBC<\/li>\n<li>4 a\u00f1os de experiencia como Supervisor y Asistente de Mantenimiento de computadoras en el Centro General de Servicios y Empedrados Antig\u00fce\u00f1os<\/li>\n<li>Actualmente estudiando Ingenier\u00eda en Sistemas en Universidad de Mariano G\u00e1lvez de Guatemala<\/li>\n<\/ul>\n<p>Como Asesor del Programa Centros de Tecnolog\u00eda Educativa, Edwin es responsable de las operaciones de los centros que involucran el manejo administrativo, pedag\u00f3gico, y t\u00e9cnico.\u00a0 El tambi\u00e9n prepara el equipo de c\u00f3mputo para la instalaci\u00f3n de nuevos centros.<\/p>\n<hr \/>\n<h4><img loading=\"lazy\" decoding=\"async\" class=\"wp-image-2469 alignnone size-medium\" style=\"float: right;\" src=\"https:\/\/coeduc.org\/es\/wp-content\/uploads\/2024\/03\/Monica-Barillas-1.jpg\" alt=\"\" width=\"270\" height=\"270\" \/><\/h4>\n<h4>M\u00f3nica de Ram\u00edrez<\/h4>\n<p><em><strong>Asistente Administrativa<\/strong><\/em><\/p>\n<ul>\n<li>8 a\u00f1os de experiencia profesional como Asistente Administrativa de varias compa\u00f1\u00edas privadas.<\/li>\n<li>Voluntariado en Honduras por un a\u00f1o y medio<\/li>\n<li>Estudiando Administraci\u00f3n de Empresas en la Universidad Mariano G\u00e1lvez<\/li>\n<\/ul>\n<p>Como Asistente Administrativa, Monica apoya y asiste al programa de Centros de Tecnolog\u00eda y brinda apoyo en las capacitaciones y reuniones del programa.<\/p>\n<p>[\/et_pb_toggle][et_pb_toggle title=&#8221;Programa de Lectura&#8221; open_toggle_text_color=&#8221;#00337f&#8221; open_toggle_background_color=&#8221;#f4f4f4&#8243; closed_toggle_text_color=&#8221;#00337f&#8221; admin_label=&#8221;Programa de Lectura&#8221; _builder_version=&#8221;4.27.6&#8243; title_font_size=&#8221;42&#8243; title_font_size_tablet=&#8221;&#8221; title_font_size_phone=&#8221;30&#8243; title_font_size_last_edited=&#8221;on|phone&#8221; z_index_tablet=&#8221;500&#8243; global_colors_info=&#8221;{}&#8221;]<\/p>\n<h4 style=\"text-align: right;\"><img loading=\"lazy\" decoding=\"async\" class=\"wp-image-2480 size-medium alignright\" src=\"https:\/\/coeduc.org\/es\/wp-content\/uploads\/2024\/03\/Silvia-Rebeca-Roman.jpg\" alt=\"\" width=\"270\" height=\"270\" \/><\/h4>\n<h4>Rebeca Rom\u00e1n<\/h4>\n<p><em><strong>Coordinadora del Programa de Lectura<\/strong><\/em><\/p>\n<ul>\n<li>Maestr\u00eda en Educaci\u00f3n con Especializaci\u00f3n en Desarrollo Educativo y Evaluaci\u00f3n.<\/li>\n<li>Licenciatura en Educaci\u00f3n Inicial y Preprimaria en la Universidad Rafael Land\u00edvar<\/li>\n<li>5 a\u00f1os de experiencia como maestra<\/li>\n<li>2 a\u00f1os de experiencia como auxiliar de catedra en la Universidad Rafael Land\u00edvar<\/li>\n<li>3 a\u00f1os de experiencia como capacitadora y facilitadora de talleres<\/li>\n<\/ul>\n<p><span style=\"font-weight: 400;\">Como Coordinadora del Programa Spark de Lectura, Rebeca es responsable del manejo general del programa, incluyendo el dise\u00f1o, implementaci\u00f3n, efectividad, as\u00ed como el curr\u00edculo y la metodolog\u00eda del programa. Como miembro del equipo de liderazgo local, desempe\u00f1a un papel clave en establecer la direcci\u00f3n estrat\u00e9gica tanto del Programa Spark de Lectura como de la estrategia general de programas de COED.<\/span><\/p>\n<hr \/>\n<h4 style=\"text-align: right;\"><img loading=\"lazy\" decoding=\"async\" class=\"wp-image-2480 size-medium alignright\" src=\"https:\/\/coeduc.org\/es\/wp-content\/uploads\/2024\/03\/Claudia-Salguero-1.jpg\" alt=\"\" width=\"270\" height=\"270\" \/><\/h4>\n<h4>Claudia Mar\u00eda Salguero Salguero<\/h4>\n<p><em><strong>Capacitadora Educativa<\/strong><\/em><\/p>\n<ul>\n<li>Quince a\u00f1os de experiencia como maestra<\/li>\n<li>Dos a\u00f1os de experiencia como capacitadora<\/li>\n<li>Estudios universitarios en Profesorado y Licenciatura en Educaci\u00f3n Inicial y Preprimaria, Universidad Rafael Land\u00edvar<\/li>\n<li>Maestra de Educaci\u00f3n Pre Primaria<\/li>\n<\/ul>\n<p>Como Capacitadora Educativa del programa de Lectura, Claudia capacita a docentes, realiza observaciones en el aula y ayuda con los estudios de evaluaci\u00f3n.<\/p>\n<hr \/>\n<h4 style=\"text-align: right;\"><img loading=\"lazy\" decoding=\"async\" class=\"wp-image-2480 size-medium alignright\" src=\"https:\/\/coeduc.org\/es\/wp-content\/uploads\/2024\/03\/Milton-Ramos.jpg\" alt=\"\" width=\"270\" height=\"270\" \/><\/h4>\n<h4>Milton Ramos<\/h4>\n<p><em><strong>Capacitador Educativo<\/strong><\/em><\/p>\n<ul>\n<li>6 a\u00f1os de experiencia como maestro de educaci\u00f3n primaria<\/li>\n<li>Estudiando Derecho Humanos en la Universidad de San Carlos de Guatemala<\/li>\n<li>Licenciatura en Filosof\u00eda en la Universidad Mesoamericana<\/li>\n<\/ul>\n<p>Como Capacitador Educativo del Programa de Lectura, Milton capacita a docentes, realiza observaciones en el aula y ayuda con los estudios de evaluaci\u00f3n.<\/p>\n<hr \/>\n<h4 style=\"text-align: right;\"><img loading=\"lazy\" decoding=\"async\" class=\"wp-image-2480 size-medium alignright\" src=\"https:\/\/coeduc.org\/es\/wp-content\/uploads\/2024\/03\/Ana-Victoria-Rodas.jpg\" alt=\"\" width=\"270\" height=\"270\" \/><\/h4>\n<h4>Ana Victoria Rodas Andrade<\/h4>\n<p><em><strong>Capacitadora Educativa<\/strong><\/em><\/p>\n<ul>\n<li>Estudios universitarios en Profesorado en Pedagog\u00eda y Administraci\u00f3n Educativa y PEM en Psicolog\u00eda, Universidad San Carlos de Guatemala.<\/li>\n<li>Maestra de Educaci\u00f3n Pre Primaria<\/li>\n<li>Experiencia como maestra y capacitadora.<\/li>\n<\/ul>\n<p>Como Capacitadora Educativa del programa de Lectura, Ana Victoria capacita a docentes, realiza observaciones en el aula y ayuda con los estudios de evaluaci\u00f3n.<\/p>\n<hr \/>\n<h4 style=\"text-align: right;\"><img loading=\"lazy\" decoding=\"async\" class=\"wp-image-2480 size-medium alignright\" src=\"https:\/\/coeduc.org\/es\/wp-content\/uploads\/2024\/03\/Lisbeth-Ovando.jpg\" alt=\"\" width=\"270\" height=\"270\" \/><\/h4>\n<h4>Lisbeth Eugenia Ovando Hern\u00e1ndez<\/h4>\n<p><strong><em>Capacitadora Educativa<\/em><\/strong><\/p>\n<ul>\n<li><span style=\"font-size: 16px;\">Estudios universitarios en Profesorado en Pedagog\u00eda, Universidad Rural de Guatemala.<\/span><\/li>\n<li><span style=\"font-size: 16px;\">Maestra de Educaci\u00f3n Primaria Urbana<\/span><\/li>\n<li>15 a\u00f1os de experiencia como maestra y coordinadora<\/li>\n<\/ul>\n<p>Como Capacitadora Educativa del programa de Lectura, Lisbeth capacita a docentes, realiza observaciones en el aula y ayuda con los estudios de evaluaci\u00f3n.<\/p>\n<hr \/>\n<h4 style=\"text-align: right;\"><img loading=\"lazy\" decoding=\"async\" class=\"wp-image-2480 size-medium alignright\" src=\"https:\/\/cooperativeforeducation.box.com\/shared\/static\/h4efv7u6pd90wp83io1hufp2f13869ob.jpg\" alt=\"\" width=\"270\" height=\"270\" \/><\/h4>\n<h4>Jackeline Mariana Tay V\u00e1squez<\/h4>\n<p><strong><em>Capacitadora Educativa<\/em><\/strong><\/p>\n<ul>\n<li>Licenciatura en Trabajo Social de la Universidad Rafael Land\u00edvar<\/li>\n<li>Maestra de Educaci\u00f3n Primaria<\/li>\n<li>Mas de 4 a\u00f1os de experiencia como supervisora de proyectos sociales en las ONGs Word Vision y Glasswing.<\/li>\n<\/ul>\n<p>Como Capacitadora Educativa del programa de Lectura, Mariana capacita a docentes, realiza observaciones en el aula y ayuda con los estudios de evaluaci\u00f3n.<\/p>\n<hr \/>\n<h4 style=\"text-align: right;\"><img loading=\"lazy\" decoding=\"async\" class=\"wp-image-2480 size-medium alignright\" src=\"https:\/\/cooperativeforeducation.box.com\/shared\/static\/vhnzh4kmxenr1ig2o2rork3tbj1noqzm.jpg\" alt=\"\" width=\"270\" height=\"270\" \/><\/h4>\n<h4>Lisbeth Roxana Cana<\/h4>\n<p><strong><em>Capacitadora Educativa<\/em><\/strong><\/p>\n<ul>\n<li>Licenciatura en Pedagog\u00eda y Administraci\u00f3n Educativa, universidad de San Carlos de Guatemala<\/li>\n<li>Maestra de Educaci\u00f3n Infantil Biling\u00fce Intercultural<\/li>\n<li>8 a\u00f1os de experiencia como docente a nivel primaria<\/li>\n<li>2 a\u00f1os de experiencia como docente a nivel b\u00e1sico y diversificado<\/li>\n<\/ul>\n<p>Como Capacitadora Educativa del programa de Lectura, Roxana capacita a docentes, realiza observaciones en el aula y ayuda con los estudios de evaluaci\u00f3n.<\/p>\n<hr \/>\n<h4 style=\"text-align: right;\"><img loading=\"lazy\" decoding=\"async\" class=\"wp-image-2480 size-medium alignright\" src=\"https:\/\/coeduc.org\/es\/wp-content\/uploads\/2024\/03\/Gloria-Choxin.jpg\" alt=\"\" width=\"270\" height=\"270\" \/><\/h4>\n<h4>Gloria Choxin<\/h4>\n<p><strong><em>Asistente Administrativa<\/em><\/strong><\/p>\n<ul>\n<li>Actualmente estudiando Administraci\u00f3n de Empresas en la Universidad Galileo<\/li>\n<li>5 a\u00f1os de experiencia como Asistente Administrativa<\/li>\n<\/ul>\n<p>Como Auxiliar Administrativa, Gloria brinda apoyo administrativo para el Programa de Lectura, incluido el apoyo en capacitaciones y reuniones.<\/p>\n<p>[\/et_pb_toggle][et_pb_toggle title=&#8221;Programa de Becas y Desarrollo Juvenil&#8221; open_toggle_text_color=&#8221;#00337f&#8221; open_toggle_background_color=&#8221;#f4f4f4&#8243; closed_toggle_text_color=&#8221;#00337f&#8221; admin_label=&#8221;Programa de Becas y Desarrollo Juvenil&#8221; _builder_version=&#8221;4.27.6&#8243; title_font_size=&#8221;42&#8243; title_font_size_tablet=&#8221;&#8221; title_font_size_phone=&#8221;30&#8243; title_font_size_last_edited=&#8221;on|phone&#8221; z_index_tablet=&#8221;500&#8243; global_colors_info=&#8221;{}&#8221;]<\/p>\n<h4><img loading=\"lazy\" decoding=\"async\" class=\"wp-image-2459 alignnone size-medium\" style=\"float: right;\" src=\"https:\/\/coeduc.org\/es\/wp-content\/uploads\/2024\/03\/Candida-Acajabon.jpg\" alt=\"\" width=\"270\" height=\"270\" \/><\/h4>\n<h4>Candida\u00a0Acajab\u00f3n<\/h4>\n<p><em><strong>Coordinadora de Programa de Becas y Desarrollo Juvenil<\/strong><\/em><\/p>\n<ul>\n<li style=\"text-align: left;\">Licenciatura en Educaci\u00f3n con especializaci\u00f3n en Educaci\u00f3n Administrativa en la Universidad de San Carlos de Guatemala.<\/li>\n<li>6 a\u00f1os de experiencia como Maestra<\/li>\n<li>5 a\u00f1os de experiencia como Asistente<\/li>\n<li>2 a\u00f1os de experiencia como vendedora ejecutiva.<\/li>\n<\/ul>\n<p><span style=\"font-weight: 400;\">Como Coordinadora del Programa Becas Rise y Desarrollo Juvenil, Candy es responsable del manejo general del programa, incluyendo el dise\u00f1o, implementaci\u00f3n, efectividad y el seguimiento del desempe\u00f1o acad\u00e9mico de los estudiantes. Como miembro del equipo de liderazgo local, desempe\u00f1a un papel clave en establecer la direcci\u00f3n estrat\u00e9gica tanto del Programa Rise como de la estrategia general de programas de COED.<\/span><\/p>\n<hr \/>\n<h4><img loading=\"lazy\" decoding=\"async\" class=\"wp-image-2459 alignnone size-medium\" style=\"float: right;\" src=\"https:\/\/coeduc.org\/es\/wp-content\/uploads\/2024\/03\/Sandra-Capen.jpg\" alt=\"\" width=\"270\" height=\"270\" \/><\/h4>\n<h4>Sandra Capen<\/h4>\n<p><em><strong>Asistente Administrativa<\/strong><\/em><\/p>\n<ul>\n<li>T\u00edtulo del Profesorado de Ense\u00f1anza Media en Educaci\u00f3n en la Universidad San Carlos de Guatemala.<\/li>\n<li>Dos a\u00f1os de experiencia como maestra<\/li>\n<li>Beneficiada por la Programa de Becas y Desarrollo Juvenil de la organizaci\u00f3n COED 2007-2011<\/li>\n<\/ul>\n<p>Como Auxiliar Administrativa\u00a0de la Programa de Becas y Desarrollo Juvenil, Sandra es responsable de llevar a cabo los procesos administrativos que permitan que el programa funcione.<\/p>\n<hr \/>\n<h4><img loading=\"lazy\" decoding=\"async\" class=\"wp-image-2459 alignnone size-medium\" style=\"float: right;\" src=\"https:\/\/cooperativeforeducation.box.com\/shared\/static\/hkrwrevm83fq1pi2izd477zcj15lpvdp.jpg\" alt=\"\" width=\"270\" height=\"270\" \/><\/h4>\n<h4>Brenda Yucute<\/h4>\n<p><em><strong>Auxiliar Administrativa<\/strong><\/em><\/p>\n<ul>\n<li>Perito en Mercadotecnia y Publicidad<\/li>\n<li>Est\u00e1 estudiando Profesorado en Educaci\u00f3n en la universidad San Carlos de Guatemala<\/li>\n<li>Dos a\u00f1os de experiencia laboral<\/li>\n<li>Beneficiada por la Programa de Becas y Desarrollo Juvenil de la organizaci\u00f3n COED 2011<\/li>\n<\/ul>\n<p>Como Auxiliar Administrativa\u00a0de la Programa de Becas y Desarrollo Juvenil, Brenda es responsable de llevar a cabo los procesos administrativos que permitan que el programa funcione.<\/p>\n<hr \/>\n<h4><img loading=\"lazy\" decoding=\"async\" class=\"wp-image-2459 alignnone size-medium\" style=\"float: right;\" src=\"https:\/\/coeduc.org\/wp-content\/uploads\/2019\/08\/Cesar-Juarez-2.jpg\" alt=\"\" width=\"270\" height=\"270\" \/><\/h4>\n<h4>Cesar Ju\u00e1rez<\/h4>\n<p><em><strong>Supervisor<\/strong><\/em><\/p>\n<ul>\n<li>Licenciatura en Educaci\u00f3n con especialidad en Administraci\u00f3n Educativa en la Universidad San Carlos<\/li>\n<li>Nueve a\u00f1os de experiencia en educaci\u00f3n<\/li>\n<\/ul>\n<p>Como Supervisor de la Programa de Becas y Desarrollo Juvenil, Cesar es responsable de apoyar las actividades de programa, realiza talleres y actividades de desarrollo juvenil en las \u00e1reas de San Jos\u00e9 Poaquil and Patzun.\u00a0 El tambi\u00e9n ayuda con la selecci\u00f3n de estudiantes becados y coordina con las escuelas y otras autoridades educativas.<\/p>\n<hr \/>\n<h4><img loading=\"lazy\" decoding=\"async\" class=\"wp-image-2459 alignnone size-medium\" style=\"float: right;\" src=\"https:\/\/cooperativeforeducation.box.com\/shared\/static\/f03civz9e1o09x66no0xi5z9ssc518pm.jpg\" alt=\"\" width=\"270\" height=\"270\" \/><\/h4>\n<h4>M\u00f3nica Gabriela Rend\u00f3n Marroqu\u00edn<\/h4>\n<p><em><strong>Supervisora<\/strong><\/em><\/p>\n<ul>\n<li>Licenciatura en Trabajo Social de la Universidad San Carlos de Guatemala<\/li>\n<li>Maestra de Educaci\u00f3n Pre Primaria<\/li>\n<li>Ocho a\u00f1os de experiencia como maestra<\/li>\n<\/ul>\n<p>Como Supervisora del programa de Becas, Gabriela es responsable de apoyar las actividades del programa, realizar talleres y actividades de desarrollo juvenil en el \u00e1rea de Santo Tomas, Santa Lucia Milpas altas, Sacatep\u00e9quez. Ella tambi\u00e9n ayuda con la selecci\u00f3n de estudiantes becados y coordina con las escuelas y autoridades educativas.<\/p>\n<hr \/>\n<h4><img loading=\"lazy\" decoding=\"async\" class=\"wp-image-2459 alignnone size-medium\" style=\"float: right;\" src=\"https:\/\/cooperativeforeducation.box.com\/shared\/static\/bztd74x5aa6n3iokxdm5srus5958mtww.jpg\" alt=\"\" width=\"270\" height=\"270\" \/><\/h4>\n<h4>Jackeline Sucely Mej\u00eda Iba\u00f1ez<\/h4>\n<p><em><strong>Supervisora<\/strong><\/em><\/p>\n<ul>\n<li>Licenciatura en Trabajo Social de la Universidad Rafael Land\u00edvar<\/li>\n<li>Cuatro a\u00f1os de experiencia como maestra<\/li>\n<li>Mas de un a\u00f1o de experiencia como supervisora de un proyecto social en la ONG Word Vision<\/li>\n<\/ul>\n<p>Como Supervisora del programa de Becas, Jackeline es responsable de apoyar las actividades del programa, realizar talleres y actividades de desarrollo juvenil en el \u00e1rea de Tecpan y Yepocapa, Chimaltenango. Ella tambi\u00e9n ayuda con la selecci\u00f3n de estudiantes becados y coordina con las escuelas y autoridades educativas.<\/p>\n<hr \/>\n<h4><img loading=\"lazy\" decoding=\"async\" class=\"wp-image-2459 alignnone size-medium\" style=\"float: right;\" src=\"https:\/\/coeduc.org\/es\/wp-content\/uploads\/2024\/03\/Teresa-Santelel.jpg\" alt=\"\" width=\"270\" height=\"270\" \/><\/h4>\n<h4>Teresa Santelel<\/h4>\n<p><em><strong>Facilitatora Local<\/strong><\/em><\/p>\n<ul>\n<li>T\u00edtulo del Profesorado de Ense\u00f1anza Media en Educaci\u00f3n de la Universidad Galileo<\/li>\n<li>Cuatro a\u00f1os de experiencia como maestra<\/li>\n<\/ul>\n<p>Como Facilitadora Local de la Programa de Becas y Desarrollo Juvenil, Teresa es responsable de la organizaci\u00f3n de talleres y actividades de desarrollo juvenil en San Jos\u00e9 Poaquil.\u00a0 Tambi\u00e9n colabora en la selecci\u00f3n de estudiantes becados, coordina con las escuelas y otras autoridades educativas, prepara y entrega suministros a los estudiantes.<\/p>\n<hr \/>\n<h4><img loading=\"lazy\" decoding=\"async\" class=\"wp-image-2459 alignnone size-medium\" style=\"float: right;\" src=\"https:\/\/coeduc.org\/es\/wp-content\/uploads\/2024\/03\/Zoila-Maribel-Perez.jpg\" alt=\"\" width=\"270\" height=\"270\" \/><\/h4>\n<h4>Maribel P\u00e9rez<\/h4>\n<p><em><strong>Facilitatora Local<\/strong><\/em><\/p>\n<ul>\n<li>T\u00edtulo del nivel diversificado como Maestra de Educaci\u00f3n Primaria<\/li>\n<li>Cinco a\u00f1os de experiencia como maestra<\/li>\n<\/ul>\n<p>Como Facilitadora Local de la Programa de Becas y Desarrollo Juvenil, Maribell es responsable de la organizaci\u00f3n de talleres y actividades de desarrollo juvenil en el \u00e1rea de Paley en San Jose Poaquil.\u00a0 Tambi\u00e9n colabora en la selecci\u00f3n de estudiantes becados, coordina con las escuelas y otras autoridades educativas, prepara y entrega suministros a los estudiantes<\/p>\n<hr \/>\n<h4><img loading=\"lazy\" decoding=\"async\" class=\"wp-image-2459 alignnone size-medium\" style=\"float: right;\" src=\"https:\/\/coeduc.org\/es\/wp-content\/uploads\/2024\/03\/Yesica-Xinico.jpg\" alt=\"\" width=\"270\" height=\"270\" \/><\/h4>\n<h4>Yesica Candelaria Xinico Aj\u00fa<\/h4>\n<p><em><strong>Facilitadora Local<\/strong><\/em><\/p>\n<ul>\n<li>Trabajadora Social con \u00e9nfasis en Gerencia de Desarrollo<\/li>\n<li>Maestra de Educaci\u00f3n Pre-Primaria<\/li>\n<li>Ocho a\u00f1os de experiencia trabajando con j\u00f3venes en ONGs como T\u00e9cnico de Campo<\/li>\n<\/ul>\n<p>Como Facilitadora Local del programa de Becas, Yesica es responsable de la organizaci\u00f3n de talleres, y actividades de desarrollo juvenil en Patz\u00fan Chimaltenango. Tambi\u00e9n colabora en la selecci\u00f3n de estudiantes becados, coordina con las escuelas y otras autoridades educativas, prepara y entrega los suministros a los estudiantes.<\/p>\n<hr \/>\n<h4><img loading=\"lazy\" decoding=\"async\" class=\"wp-image-2459 alignnone size-medium\" style=\"float: right;\" src=\"https:\/\/coeduc.org\/es\/wp-content\/uploads\/2024\/03\/Picture1.jpg\" alt=\"\" width=\"270\" height=\"270\" \/><\/h4>\n<h4>Axel Isa\u00edas Ill\u00fa Quiej<\/h4>\n<p><em><strong>Facilitador Local<\/strong><\/em><\/p>\n<ul>\n<li>Maestro de Educaci\u00f3n Primaria Intercultural<\/li>\n<li>Trece a\u00f1os de experiencia como maestra del nivel medio<\/li>\n<\/ul>\n<p>Como Facilitador Local del programa de Becas, Axel es responsable de la organizaci\u00f3n de talleres, y actividades de desarrollo juvenil en San Pedro Yepocapa. Tambi\u00e9n colabora en la selecci\u00f3n de estudiantes becados, coordina con las escuelas y otras autoridades educativas, prepara y entre los suministros a los estudiantes.<\/p>\n<hr \/>\n<h4><img loading=\"lazy\" decoding=\"async\" class=\"wp-image-2459 alignnone size-medium\" style=\"float: right;\" src=\"https:\/\/coeduc.org\/es\/wp-content\/uploads\/2024\/07\/Balvy-2.jpg\" alt=\"\" width=\"270\" height=\"270\" \/><\/h4>\n<h4>Balvy Yadira Monroy V\u00e1squez<\/h4>\n<p><em><strong>Facilitadora Local<\/strong><\/em><\/p>\n<ul>\n<li>Profesorado en Ense\u00f1anza Media en Pedagog\u00eda y Administraci\u00f3n Educativa<\/li>\n<li>Maestra de Educaci\u00f3n Pre-Primaria Biling\u00fce<\/li>\n<li>Ocho a\u00f1os de experiencia como maestra<\/li>\n<\/ul>\n<p>Como Facilitadora Local del programa de Becas, Yadira es responsable de la organizaci\u00f3n de talleres, y actividades de desarrollo juvenil en San Mart\u00edn Jilotepeque. Tambi\u00e9n colabora en la selecci\u00f3n de estudiantes becados, coordina con las escuelas y otras autoridades educativas, prepara y entre los suministros a los estudiantes.<\/p>\n<hr \/>\n<h4><img loading=\"lazy\" decoding=\"async\" class=\"wp-image-2459 alignnone size-medium\" style=\"float: right;\" src=\"https:\/\/coeduc.org\/es\/wp-content\/uploads\/2024\/07\/Angela-2.jpg\" alt=\"\" width=\"270\" height=\"270\" \/><\/h4>\n<h4>Angela Dayane Rodr\u00edguez Magzul<\/h4>\n<p><em><strong>Facilitadora Local<\/strong><\/em><\/p>\n<ul>\n<li>Estudiando Profesorado en Ense\u00f1anza Media en Pedagog\u00eda y Administraci\u00f3n Educativa en la universidad de San Carlos de Guatemala.<\/li>\n<li>Maestra de Educaci\u00f3n Biling\u00fce Infantil<\/li>\n<li>Dos a\u00f1os de experiencia como maestra.<\/li>\n<\/ul>\n<p>Como Facilitadora Local del programa de Becas, Angela es responsable de la organizaci\u00f3n de talleres, y actividades de desarrollo juvenil en Cerritos Asunci\u00f3n, Chimaltenango. Tambi\u00e9n colabora en la selecci\u00f3n de estudiantes becados, coordina con las escuelas y otras autoridades educativas, prepara y entre los suministros a los estudiantes.<\/p>\n<hr \/>\n<h4><img loading=\"lazy\" decoding=\"async\" class=\"wp-image-2459 alignnone size-medium\" style=\"float: right;\" src=\"https:\/\/cooperativeforeducation.box.com\/shared\/static\/xop21e46djebk8udib1ns2wycf79sgks.jpg\" alt=\"\" width=\"270\" height=\"270\" \/><\/h4>\n<h4>Dalia Azucena Xoc Puac<\/h4>\n<p><em><strong>Facilitadora Local<\/strong><\/em><\/p>\n<ul>\n<li>Profesorado en Educaci\u00f3n Primaria Intercultural, Universidad de San Carlos de Guatemala.<\/li>\n<li>Maestra de Educaci\u00f3n Primaria<\/li>\n<li>Cinco a\u00f1os de experiencia como maestra<\/li>\n<\/ul>\n<p>Como Facilitador Local del programa de Becas, Dalia es responsable de la organizaci\u00f3n de talleres, y actividades de desarrollo juvenil en Santiago Sacatep\u00e9quez. Tambi\u00e9n colabora en la selecci\u00f3n de estudiantes becados, coordina con las escuelas y otras autoridades educativas, prepara y entre los suministros a los estudiantes.<\/p>\n<hr \/>\n<h4><img loading=\"lazy\" decoding=\"async\" class=\"wp-image-2459 alignnone size-medium\" style=\"float: right;\" src=\"https:\/\/cooperativeforeducation.box.com\/shared\/static\/fec4wdqrjlxzj8hl539gj2u5k07he5ds.jpg\" alt=\"\" width=\"270\" height=\"270\" \/><\/h4>\n<h4>Nancy Abiga\u00edl Salazar Garc\u00eda<\/h4>\n<p><em><strong>Facilitadora Local<\/strong><\/em><\/p>\n<ul>\n<li>PEM y Licenciatura Administraci\u00f3n Educativa de la Universidad de San Carlos de<br \/>Guatemala.<\/li>\n<li>Maestra de Educaci\u00f3n Primaria<\/li>\n<li>Sies a\u00f1os de experiencia como maestra<\/li>\n<\/ul>\n<p>Como Facilitadora Local del programa de Becas, Nancy es responsable de la organizaci\u00f3n de talleres, y actividades de desarrollo juvenil en Santo Tomas, Magdalena y Santa Lucia Milpas Altas Sacatep\u00e9quez. Tambi\u00e9n colabora en la selecci\u00f3n de estudiantes becados, coordina con las escuelas y otras autoridades educativas, prepara y entre los suministros a los estudiantes.<\/p>\n<p>[\/et_pb_toggle][et_pb_toggle title=&#8221;CFM &#038; Casa Sofia&#8221; open_toggle_text_color=&#8221;#00337f&#8221; open_toggle_background_color=&#8221;#f4f4f4&#8243; closed_toggle_text_color=&#8221;#00337f&#8221; admin_label=&#8221;(CFM) &#038; Casa Sofia&#8221; _builder_version=&#8221;4.27.4&#8243; title_font_size=&#8221;42&#8243; title_font_size_tablet=&#8221;&#8221; title_font_size_phone=&#8221;30&#8243; title_font_size_last_edited=&#8221;on|phone&#8221; z_index_tablet=&#8221;500&#8243; global_colors_info=&#8221;{}&#8221;]<\/p>\n<h2>Pesonal de Centro de Formaci\u00f3n M\u00faltiple (CFM)<\/h2>\n<h4><img loading=\"lazy\" decoding=\"async\" class=\"wp-image-8240 size-full alignright\" src=\"https:\/\/cooperativeforeducation.box.com\/shared\/static\/vrdvp06h19t5vn74iubuwtpvlw2y3zmg.jpg\" alt=\"\" width=\"270\" height=\"270\" \/>Zonia Garc\u00eda<\/h4>\n<p><em><strong>Administradora general<\/strong><\/em><\/p>\n<ul>\n<li>Siete a\u00f1os de formaci\u00f3n y experiencia en la vida religiosa, en diferentes pa\u00edses, con las Misioneras Dominicas del Rosario.<\/li>\n<li>Dos a\u00f1os de experiencia como asistente en: Asociaci\u00f3n, N\u00facleo Mujeres y Teolog\u00eda.<\/li>\n<li>Cuatro a\u00f1os y medio como directora general de Centro de Formaci\u00f3n M\u00faltiple la Precios\u00edsima Sangre, en Asociaci\u00f3n para Mujeres la Preciosa Sangre.<\/li>\n<li>Bachiller en Computaci\u00f3n con Orientaci\u00f3n Comercial, Liceo Canadiense.<\/li>\n<li>Diplomado en Teolog\u00eda en la Universidad Rafael Land\u00edvar.<\/li>\n<li>Licenciatura en Teolog\u00eda en la Universidad Rafael Land\u00edvar.<\/li>\n<\/ul>\n<p><span style=\"font-weight: 400;\">Como administradora general, Zonia es responsable de gestionar el buen funcionamiento del Centro de Formaci\u00f3n M\u00faltiple, dirige las finanzas semanales, coordina con el equipo administrativo todas las actividades que se realizan en el mismo. En la Formaci\u00f3n Humana, brinda talleres de crecimiento personal a las alumnas, vela por la salud de las mismas. Por otro lado, es quien mantiene una comunicaci\u00f3n cercana con los padres de familia.<\/span><\/p>\n<hr \/>\n<h4><img loading=\"lazy\" decoding=\"async\" class=\"size-full wp-image-8257 alignright\" src=\"https:\/\/cooperativeforeducation.box.com\/shared\/static\/is3mkwxf7h6hsxc8t9xc77auvvyhroj4.jpg\" alt=\"\" width=\"270\" height=\"270\" \/>Ang\u00e9lica G\u00f3mez<\/h4>\n<p><em><strong>Directora Educativa del Centro de Formaci\u00f3n M\u00faltiple (C. F. M)<\/strong><\/em><\/p>\n<ul>\n<li>3 a\u00f1os de experiencia en educaci\u00f3n primaria sector p\u00fablico en Chiapas, M\u00e9xico, atendiendo diferentes niveles en escuelas rurales.<\/li>\n<li>7 a\u00f1os colaborando con las Misioneras Dom\u00ednicas del Rosario en distintos proyectos de apoyo a j\u00f3venes y mujeres en Guatemala en el \u00e1rea de educaci\u00f3n y peque\u00f1os emprendimientos.<\/li>\n<li>Experiencia como docente en formaci\u00f3n humana y religiosa en nivel medio (Liceo \u201cMadre Ascensi\u00f3n Nicol) en Rep\u00fablica Dominicana.<\/li>\n<li>Licenciatura en Educaci\u00f3n Primaria Intercultural Biling\u00fce, Normal \u201cJacinto Canek\u201d, Chiapas, M\u00e9xico.<\/li>\n<li>Licenciatura en Teolog\u00eda en la Universidad \u201cRafael Land\u00edvar\u201d de Guatemala.<\/li>\n<\/ul>\n<p>Como directora educativa del Centro de Formaci\u00f3n M\u00faltiple, las principales funciones son: la coordinaci\u00f3n y gesti\u00f3n acad\u00e9mica del proceso de ense\u00f1anza-aprendizaje para que se imparta de acuerdo con los principios y fines de la educaci\u00f3n, as\u00ed como tambi\u00e9n desde la misi\u00f3n y visi\u00f3n del Centro de Formaci\u00f3n M\u00faltiple. Ang\u00e9lica trabajar con el personal docente para asegurar el cumplimiento y efectividad de los programas de estudio desde los principios y valores, asegurando la calidad de la ense\u00f1anza.<\/p>\n<hr \/>\n<h4><img loading=\"lazy\" decoding=\"async\" class=\"wp-image-8240 size-full alignright\" src=\"https:\/\/cooperativeforeducation.box.com\/shared\/static\/99jnufzlwl94818del1l0uqahpiykg5e.jpg\" alt=\"\" width=\"270\" height=\"270\" \/>Zoila Irene B\u00e1 Coc<\/h4>\n<p><em><strong>Asistente Administrativa <\/strong><\/em><\/p>\n<ul>\n<li>6 meses de experiencia como docente en matem\u00e1tica en el Centro de Formaci\u00f3n M\u00faltiple la Preciosa Sangre.<\/li>\n<li>Ex alumna del Centro de Formaci\u00f3n M\u00faltiple la Preciosa Sangre<\/li>\n<li>Profesorado con Especialidad en Matem\u00e1tica y F\u00edsica de la Universidad Rafael Land\u00edvar.<\/li>\n<\/ul>\n<p>Como Asistente Administrativa, Zoila es responsable de planificar el men\u00fa de alimentaci\u00f3n los tres tiempos de comida y las dos refacciones del d\u00eda, elaboraci\u00f3n de las recetas de comida, jefe inmediato de las cocineras, realizar listas y compras de alimentaci\u00f3n, organizar y distribuir los oficios generales del Centro, atender a las alumnas en casos de malestares de salud, supervisi\u00f3n de las habitaciones de las alumnas, compras y entrega de los insumos de las alumnas.<\/p>\n<hr \/>\n<h4><img loading=\"lazy\" decoding=\"async\" class=\"wp-image-8223 size-full alignright\" src=\"https:\/\/cooperativeforeducation.box.com\/shared\/static\/u6pfxeunx1lz6fyjjla4ytte98kwouiw.jpg\" alt=\"\" width=\"270\" height=\"270\" \/>Herminia Elizabeth Pirir Vel\u00e1squez<\/h4>\n<p><em><strong>Cocinera<\/strong><\/em><\/p>\n<ul>\n<li>Cuarto primaria, Instituto Guatemalteco de Educaci\u00f3n Radiof\u00f3nica \u2013 IGER<\/li>\n<li>Experiencia como cocinera y de limpieza por 2 a\u00f1os<\/li>\n<li>Cocinera en CFM por varios a\u00f1os<\/li>\n<\/ul>\n<p>Como Cocinera, Herminia es la persona directamente responsable de cocinar, mantener el orden y limpieza de la cocina, oficinas, ba\u00f1os del Centro de Formaci\u00f3n M\u00faltiple -CFM-, de acuerdo con el turno de trabajo.<\/p>\n<hr \/>\n<h4><img loading=\"lazy\" decoding=\"async\" class=\"wp-image-8223 size-full alignright\" src=\"https:\/\/cooperativeforeducation.box.com\/shared\/static\/1wjis5emcxkqxalo09i7ha02gnly3m4y.jpg\" alt=\"\" width=\"270\" height=\"270\" \/>Mar\u00eda Rutilia Pirir Boror<\/h4>\n<p><em><strong>Cocinera<\/strong><\/em><\/p>\n<ul>\n<li>Cuarto primaria, Instituto Guatemalteco de Educaci\u00f3n Radiof\u00f3nica \u2013 IGER<\/li>\n<li>Experiencia como cocinera y de limpieza por 4 a\u00f1os<\/li>\n<li>Cocinera en CFM por varios a\u00f1os<\/li>\n<\/ul>\n<p>Como Cocinera, Herminia es la persona directamente responsable de cocinar, mantener el orden y limpieza de la cocina, oficinas, ba\u00f1os del Centro de Formaci\u00f3n M\u00faltiple -CFM-, de acuerdo con el turno de trabajo<\/p>\n<hr \/>\n<h4><img loading=\"lazy\" decoding=\"async\" class=\"wp-image-8223 size-full alignright\" src=\"https:\/\/cooperativeforeducation.box.com\/shared\/static\/4exkv2lpqthcmoy9ez99r3re006yrbnn.jpg\" alt=\"\" width=\"270\" height=\"270\" \/>Rosa Leticia Chitay L\u00f3pez<\/h4>\n<p><em><strong>Cocinera<\/strong><\/em><\/p>\n<ul>\n<li>Diploma de Sexto primaria, Escuela Oficial Rural Mixta Chillan\u00ed<\/li>\n<li>Segundo b\u00e1sico, Instituto Nacional de Educaci\u00f3n B\u00e1sica Chillan\u00ed<\/li>\n<li>Cocinera en CFM por varios a\u00f1os<\/li>\n<\/ul>\n<p>Como Cocinera, Rosa es la persona directamente responsable de cocinar, mantener el orden y limpieza de la cocina, oficinas, ba\u00f1os del Centro de Formaci\u00f3n M\u00faltiple -CFM-, de acuerdo con el turno de trabajo<\/p>\n<hr \/>\n<h4><img loading=\"lazy\" decoding=\"async\" class=\"wp-image-8223 size-full alignright\" src=\"https:\/\/cooperativeforeducation.box.com\/shared\/static\/jiqb9oeoqhr2lmu1zlifake8iwzpwb68.jpg\" alt=\"\" width=\"270\" height=\"270\" \/>Maria Raquel Suruy Culajay<\/h4>\n<p><em><strong>Cocinera<\/strong><\/em><\/p>\n<ul>\n<li>Diploma de Tercero b\u00e1sico<\/li>\n<li>Diplomado de cocina, reposter\u00eda y decoraci\u00f3n, por el proyecto CEDDECSA<\/li>\n<li>Experiencia en elaboraci\u00f3n de platillos t\u00edpicos para eventos especiales<\/li>\n<li>Experiencia en elaboraci\u00f3n de pasteles para toda ocasi\u00f3n<\/li>\n<li>Experiencia en venta de ropa<\/li>\n<\/ul>\n<p>Como Cocinera, Raquel es la persona directamente responsable de cocinar, mantener el orden y limpieza de la cocina, oficinas, ba\u00f1os del Centro de Formaci\u00f3n M\u00faltiple -CFM-, de acuerdo con el turno de trabajo.<\/p>\n<hr \/>\n<h4><img loading=\"lazy\" decoding=\"async\" class=\"wp-image-8240 size-full alignright\" src=\"https:\/\/cooperativeforeducation.box.com\/shared\/static\/oqoykt1doclfquahwxx7q3di4go3glc1.jpg\" alt=\"\" width=\"270\" height=\"270\" \/>Victor Siney Boch<\/h4>\n<p><em><strong>Conserje<\/strong><\/em><\/p>\n<ul>\n<li>Diploma de 6to primaria en la escuela Oficial Rural Mixta Aldea Montufar, San Juan Sacatep\u00e9quez<\/li>\n<li>Diploma de 3 b\u00e1sico del nivel b\u00e1sico en Instituto b\u00e1sico por Cooperativa de Ense\u00f1anza Aldea Mont\u00fafar San Juan Sacatep\u00e9quez<\/li>\n<li>Experiencia en el \u00e1rea de construcci\u00f3n<\/li>\n<li>Experiencia en el \u00e1rea de mantenimiento del CFM actualmente<\/li>\n<\/ul>\n<p>Como Conserje, Victor es la persona directamente responsable de mantener el orden y limpieza de las \u00e1reas comunes del CFM y mantenimiento b\u00e1sico de las instalaciones.<\/p>\n<hr \/>\n<h4><img loading=\"lazy\" decoding=\"async\" class=\"wp-image-8240 size-full alignright\" src=\"https:\/\/cooperativeforeducation.box.com\/shared\/static\/u5kwmofx53s7855v8w21rtp22n0l9hvx.jpg\" alt=\"\" width=\"270\" height=\"270\" \/>Aura Carolina Cumes Erazo<\/h4>\n<p><em><strong>Psic\u00f3loga<\/strong><\/em><\/p>\n<ul>\n<li>Licenciatura en Psicolog\u00eda en la universidad San Carlos de Guatemala<\/li>\n<li>Maestr\u00eda en Intervenci\u00f3n en Psicolog\u00eda Cl\u00ednica, en la universidad InterNaciones<\/li>\n<li>Maestr\u00eda en abordaje de abuso sexual y trauma, Universidad Da Vinci<\/li>\n<li>Maestra de preprimaria Biling\u00fce, colegio Winbridge<\/li>\n<li>Mas de cuatro a\u00f1os de experiencia como Psic\u00f3loga<\/li>\n<\/ul>\n<p>Como psic\u00f3loga, Carolina es responsable de brindar atenci\u00f3n psicol\u00f3gica y acompa\u00f1amiento a los j\u00f3venes que atiende CFM y el Programa de Becas y Desarrollo Juvenil de CoEd. Su labor se centra en la promoci\u00f3n del bienestar emocional, la salud mental y la prevenci\u00f3n de riesgos psicosociales, mediante procesos de evaluaci\u00f3n, intervenci\u00f3n y orientaci\u00f3n, en coordinaci\u00f3n con el personal de apoyo de la organizaci\u00f3n.<\/p>\n<hr \/>\n<h2>Docentes de Centro De Formaci\u00f3n M\u00faltiple<\/h2>\n<h4><img loading=\"lazy\" decoding=\"async\" class=\"wp-image-8240 size-full alignright\" src=\"https:\/\/cooperativeforeducation.box.com\/shared\/static\/51mw3zp3hhwmejglokv4bmibpv4y5ouq.jpg\" alt=\"\" width=\"270\" height=\"270\" \/>Diana Lili Estrada Garc\u00eda<\/h4>\n<p><em><strong>Docente<\/strong><\/em><\/p>\n<ul>\n<li>Docente de Educaci\u00f3n Primaria<\/li>\n<li>PEM Lengua y Literatura, Universidad de San Carlos de Guatemala<\/li>\n<li>Mas de 6 a\u00f1os de experiencia como docente<\/li>\n<\/ul>\n<p>Como Docente, Diana es la persona directamente responsable de planificar e impartir los cursos de literatura, comunicaci\u00f3n y lenguaje durante el ciclo escolar a estudiantes, as\u00ed como participar y apoyar en las diferentes actividades curriculares y extracurriculares que se programen en el Centro de Formaci\u00f3n M\u00faltiple<\/p>\n<hr \/>\n<h4><img loading=\"lazy\" decoding=\"async\" class=\"size-full wp-image-8249 alignright\" src=\"https:\/\/cooperativeforeducation.box.com\/shared\/static\/42v35wj2g8j6lh7b0hfug9z5tucbvq6b.jpg\" alt=\"\" width=\"270\" height=\"270\" \/><span style=\"font-size: 24px;\">Aida Yojana Cotzojay Chamal\u00e9<\/span><\/h4>\n<p><em><strong>Docente<\/strong><\/em><\/p>\n<ul>\n<li>Secretaria Biling\u00fce<\/li>\n<li>PEM en idioma Ingl\u00e9s, Universidad Da Vinci<\/li>\n<li>PEM en Pedagog\u00eda y T\u00e9cnica en investigaci\u00f3n Educativa, universidad de San Carlos de Guatemala<\/li>\n<li>Mas de 12 a\u00f1os de experiencia como docente<\/li>\n<\/ul>\n<p>Como docente, Aida es la persona directamente responsable de planificar e impartir los cursos de Ingl\u00e9s e idiomas Mayas durante el ciclo escolar a estudiantes, as\u00ed como participar y apoyar en las diferentes actividades curriculares y extracurriculares que se programen en el Centro de Formaci\u00f3n M\u00faltiple<\/p>\n<hr \/>\n<h4><a title=\"\" data-flickr-embed=\"false\"><img loading=\"lazy\" decoding=\"async\" class=\"alignright\" src=\"https:\/\/cooperativeforeducation.box.com\/shared\/static\/cdhm2wzzm913899ac80jvwecpqj6ddlx.jpg\" alt=\"\" width=\"270\" height=\"270\" \/><\/a><\/h4>\n<h4><span style=\"font-family: 'Cabin Sketch'; font-weight: normal;\"><span style=\"font-size: x-large;\">Karen Noemy L\u00f3pez Garc\u00eda<\/span><\/span><\/h4>\n<p><em><strong>Docente<\/strong><\/em><\/p>\n<ul>\n<li>Docente de Educaci\u00f3n Primaria Biling\u00fce Intercultural<\/li>\n<li>PEM en Pedagog\u00eda y Ciencias Naturales con orientaci\u00f3n ambiental, universidad de San Carlos de Guatemala<\/li>\n<li>Mas de 4 a\u00f1os de experiencia como docente<\/li>\n<\/ul>\n<p>Como docente, Karen es la persona directamente responsable de planificar e impartir los cursos de Ciencias Sociales, Ciencias Naturales y Biolog\u00eda durante el ciclo escolar a estudiantes, as\u00ed como participar y apoyar en las diferentes actividades curriculares y extracurriculares que se programen en el Centro de Formaci\u00f3n M\u00faltiple<\/p>\n<hr \/>\n<h4><img loading=\"lazy\" decoding=\"async\" class=\"size-full wp-image-8257 alignright\" src=\"https:\/\/cooperativeforeducation.box.com\/shared\/static\/jtex6g84nskmjxm39e40ndyrlnv1uoc5.jpg\" alt=\"\" width=\"270\" height=\"270\" \/>Magdalena Pedro Juan<\/h4>\n<p><em><strong>Docente<\/strong><\/em><\/p>\n<ul>\n<li>EFPEM en F\u00edsica y Matem\u00e1tica, universidad San Carlos de Guatemala<\/li>\n<li>Estudiando Ingenier\u00eda en Agronom\u00eda, universidad de San Carlos de Guatemala<\/li>\n<li>Mas de 6 a\u00f1os de experiencia como docente<\/li>\n<li>Egresada del Centro de Formaci\u00f3n M\u00faltiple -CFM<\/li>\n<\/ul>\n<p>Como docente, Magdalena es la persona directamente responsable de planificar e impartir los cursos de Matem\u00e1ticas durante el ciclo escolar a estudiantes, as\u00ed como participar y apoyar en las diferentes actividades curriculares y extracurriculares que se programen en el Centro de Formaci\u00f3n M\u00faltiple<\/p>\n<hr \/>\n<h4><img loading=\"lazy\" decoding=\"async\" class=\"alignright wp-image-16163 size-medium\" src=\"https:\/\/cooperativeforeducation.box.com\/shared\/static\/f045v315yo1ketbjs6gquv6gtan6be4k.jpg\" alt=\"\" width=\"270\" height=\"270\" \/><\/h4>\n<h4>Jos\u00e9 Ramiro Cotzojay Chamale<\/h4>\n<p><em><strong>Docente<\/strong><\/em><\/p>\n<ul>\n<li>Perito en Administraci\u00f3n de Empresas<\/li>\n<li>PEM en Ciencias Econ\u00f3mico Contables, Universidad de San Carlos de Guatemala<\/li>\n<li>Licenciatura en Ciencias Econ\u00f3mico Contables, Universidad de San Carlos de Guatemala.<\/li>\n<li>Mas de 10 a\u00f1os de experiencia como docente<\/li>\n<\/ul>\n<p>Como docente, Jos\u00e9 es la persona directamente responsable de planificar e impartir los cursos de Psicolog\u00eda Empresarial, Filosof\u00eda, Estad\u00edstica, Practica supervisada, Seminario durante el ciclo escolar a estudiantes, as\u00ed como participar y apoyar en las diferentes actividades curriculares y extracurriculares que se programen en el Centro de Formaci\u00f3n M\u00faltiple<\/p>\n<hr \/>\n<h4><img loading=\"lazy\" decoding=\"async\" class=\"wp-image-8240 size-full alignright\" src=\"https:\/\/cooperativeforeducation.box.com\/shared\/static\/0c0g64w4tim55ra7fzrephnaux6fq6fu.jpg\" alt=\"\" width=\"270\" height=\"270\" \/>Emilio Jos\u00e9 Ort\u00edz Garc\u00eda<\/h4>\n<p><em><strong>Docente<\/strong><\/em><\/p>\n<ul>\n<li>Bachiller en Computaci\u00f3n con orientaci\u00f3n cient\u00edfica<\/li>\n<li>Pensum cerrado de la carrera de Ingenier\u00eda Industrial, Universidad de San Carlos de Guatemala<\/li>\n<li>Profesorado en M\u00fasica, Universidad del Valle de Guatemala.<\/li>\n<li>Mas de 10 a\u00f1os de experiencia como docente<\/li>\n<\/ul>\n<p>Como docente, Emilio es la persona directamente responsable de planificar e impartir los cursos de Tecnolog\u00edas de la Informaci\u00f3n y Comunicaci\u00f3n TIC, Expresi\u00f3n Art\u00edstica durante el ciclo escolar a estudiantes, as\u00ed como participar y apoyar en las diferentes actividades curriculares y extracurriculares que se programen en el Centro de Formaci\u00f3n M\u00faltiple<\/p>\n<hr \/>\n<h4><img loading=\"lazy\" decoding=\"async\" class=\"wp-image-8240 size-full alignright\" src=\"https:\/\/cooperativeforeducation.box.com\/shared\/static\/gywnocxuh6nsvihdn5kkoa619i82x7dc.jpg\" alt=\"\" width=\"270\" height=\"270\" \/>Oscar Pablo L\u00f3pez L\u00f3pez<\/h4>\n<p><em><strong>Docente<\/strong><\/em><\/p>\n<ul>\n<li>Docente de Educaci\u00f3n F\u00edsica<\/li>\n<li>Profesorado de Educaci\u00f3n F\u00edsica, Universidad de San Carlos de Guatemala<\/li>\n<li>Profesorado en M\u00fasica, Universidad del Valle de Guatemala.<\/li>\n<li>Mas de 20 a\u00f1os de experiencia como docente<\/li>\n<\/ul>\n<p>Como docente, Oscar es la persona directamente responsable de planificar e impartir el curso de Educaci\u00f3n F\u00edsica durante el ciclo escolar a estudiantes, as\u00ed como participar y apoyar en las diferentes actividades curriculares y extracurriculares que se programen en el Centro de Formaci\u00f3n M\u00faltiple<\/p>\n<hr \/>\n<h4><img loading=\"lazy\" decoding=\"async\" class=\"wp-image-8240 size-full alignright\" src=\"https:\/\/cooperativeforeducation.box.com\/shared\/static\/k2h35cu7n8g7dgnrvzqbn9unrvz1qaxu.jpg\" alt=\"\" width=\"270\" height=\"270\" \/>Elizabeth Garcia de L\u00f3pez<\/h4>\n<p><em><strong>Docente<\/strong><\/em><\/p>\n<ul>\n<li>Secretaria y Oficinista<\/li>\n<li>Segundo semestre de Profesorado de Ense\u00f1anza Media en Pedagog\u00eda, Universidad Panamericana.<\/li>\n<li>Mas de 10 a\u00f1os de experiencia laboral en diferentes areas<\/li>\n<\/ul>\n<p>Como docente, Elizabeth es la persona directamente responsable de planificar e impartir el curso de Productividad y Desarrollo durante el ciclo escolar a estudiantes, as\u00ed como participar y apoyar en las diferentes actividades curriculares y extracurriculares que se programen en el Centro de Formaci\u00f3n M\u00faltiple.<\/p>\n<hr \/>\n<h2>Pesonal de Residencia Universitaria Casa Sofia<\/h2>\n<h4><img loading=\"lazy\" decoding=\"async\" class=\"wp-image-8240 size-full alignright\" src=\"https:\/\/cooperativeforeducation.box.com\/shared\/static\/pcwcaj59a564cu2d94j728bc1fae1r9m.jpg\" alt=\"\" width=\"270\" height=\"270\" \/>Mar\u00eda del Carmen<\/h4>\n<p><em><strong>Administradora<\/strong><\/em><\/p>\n<ul>\n<li>T\u00edtulo de Perito en Administraci\u00f3n de empresa en el instituto nacional de administraci\u00f3n de empresa -INAE, Salam\u00e1 Baja Verapaz<\/li>\n<li>T\u00e9cnico en Ofim\u00e1tica y programaci\u00f3n \u201cbase de datos\u201d, Academia de Computaci\u00f3n CIBERTEC, Salam\u00e1 Baja Verapaz.<\/li>\n<li>Diplomado universitario en Teolog\u00eda, Universidad Rafael Land\u00edvar, Guatemala.<\/li>\n<li>Estudiando Ingenier\u00eda en Sistemas de Informaci\u00f3n y Ciencias de la Computaci\u00f3n en universidad Mariano G\u00e1lvez, Guatemala.<\/li>\n<li>7 a\u00f1os colaborando con las Misioneras Dom\u00ednicas del Rosario en distintos proyectos de apoyo a ni\u00f1os, j\u00f3venes y mujeres en Guatemala y Republica Dominicana en el \u00e1rea de educaci\u00f3n y peque\u00f1os emprendimientos.<\/li>\n<\/ul>\n<p>Como Administradora, Carmen es responsable de mantener el adecuado funcionamiento de las instalaciones de la residencia universitaria, as\u00ed como de velar en que se cumplan las pol\u00edticas y normas internas de la organizaci\u00f3n asumidas por las residentes.<\/p>\n<hr \/>\n<h4><img loading=\"lazy\" decoding=\"async\" class=\"wp-image-8240 size-full alignright\" src=\"https:\/\/cooperativeforeducation.box.com\/shared\/static\/ocdz0c1n24ikt1i5gfi8n2g9a7qiydws.jpg\" alt=\"\" width=\"270\" height=\"270\" \/>Mayra Nict\u00e9 Hern\u00e1ndez<\/h4>\n<p><em><strong>Conserje<\/strong><\/em><\/p>\n<ul>\n<li>2do B\u00e1sico, Liceo Cristiano Prados de Villa Hermosa<\/li>\n<li>M\u00e1s de 4 a\u00f1os de experiencia como encargada de limpieza y de cocina<\/li>\n<\/ul>\n<p>Como Conserje, Mayra es la persona directamente responsable de mantener el orden y limpieza de la cocina, comedor, ba\u00f1os y \u00e1reas comunes de la Residencia Universitaria Sofia.<\/p>\n<p>&nbsp;<\/p>\n<hr \/>\n<h4><img loading=\"lazy\" decoding=\"async\" class=\"wp-image-8240 size-full alignright\" src=\"https:\/\/cooperativeforeducation.box.com\/shared\/static\/icc8nvfjijlkstrv9oy7pi4gzmlzfdl6.jpg\" alt=\"\" width=\"270\" height=\"270\" \/>Jos\u00e9 Manuel Nich Chamal\u00e9<\/h4>\n<p><em><strong>Conserje<\/strong><\/em><\/p>\n<ul>\n<li>Approved basic level<\/li>\n<li>M\u00e1s de 15 a\u00f1os de experiencia como conserje y de mantenimiento<\/li>\n<\/ul>\n<p>Como Conserje, Jos\u00e9 es la persona directamente responsable de mantener el orden y limpieza de los jardines, ba\u00f1o de visitas y \u00e1reas comunes de la Residencia Universitaria Sofia.<\/p>\n<p>[\/et_pb_toggle][et_pb_toggle title=&#8221;Finanzas&#8221; open_toggle_text_color=&#8221;#00337f&#8221; open_toggle_background_color=&#8221;#f4f4f4&#8243; closed_toggle_text_color=&#8221;#00337f&#8221; admin_label=&#8221;Finanzas&#8221; _builder_version=&#8221;4.27.4&#8243; title_font_size=&#8221;42&#8243; title_font_size_tablet=&#8221;&#8221; title_font_size_phone=&#8221;30&#8243; title_font_size_last_edited=&#8221;on|phone&#8221; global_colors_info=&#8221;{}&#8221;]<\/p>\n<h4><img loading=\"lazy\" decoding=\"async\" class=\"wp-image-2459 alignnone size-medium\" style=\"float: right;\" src=\"https:\/\/cooperativeforeducation.box.com\/shared\/static\/zcqt50tj6hgzb0n7hu4y67vvr6jjkekj.jpg\" alt=\"\" width=\"270\" height=\"270\" \/>Liza O&#8217;Neal<\/h4>\n<p><em><strong>Contralora<\/strong><\/em><\/p>\n<ul>\n<li>Profesional de finanzas con m\u00e1s de 10 a\u00f1os de experiencia en contabilidad de costos, informes financieros, elaboraci\u00f3n de presupuestos y control operativo<\/li>\n<\/ul>\n<p>Como Contralora, Liza es responsable de supervisar las operaciones financieras, los procesos contables y las funciones de presentaci\u00f3n de informes de la organizaci\u00f3n.<\/p>\n<p>&nbsp;<\/p>\n<hr \/>\n<h4><img loading=\"lazy\" decoding=\"async\" class=\"wp-image-2459 alignnone size-medium\" style=\"float: right;\" src=\"https:\/\/coeduc.org\/es\/wp-content\/uploads\/2024\/03\/Anibal-Colindres.jpg\" alt=\"\" width=\"270\" height=\"270\" \/><\/h4>\n<h4>An\u00edbal Colindres<\/h4>\n<p><em><strong>Coordinador Financiero<\/strong><\/em><\/p>\n<ul>\n<li>11 a\u00f1os de experiencia con Save The Children, Guatemala<\/li>\n<li>Licenciatura en Administraci\u00f3n de Empresas en la Universidad Mariano G\u00e1lvez de Guatemala<\/li>\n<\/ul>\n<p><span style=\"font-weight: 400;\">Como Coordinador Financiero, An\u00edbal es responsable de la n\u00f3mina, gastos e ingresos, y gestiona los reportes financieros. Como miembro del equipo de liderazgo local, desempe\u00f1a un papel clave en establecer la estrategia general de programas de COED.<\/span><\/p>\n<hr \/>\n<h4><img loading=\"lazy\" decoding=\"async\" class=\"wp-image-2459 alignnone size-medium\" style=\"float: right;\" src=\"https:\/\/coeduc.org\/es\/wp-content\/uploads\/2024\/03\/Elda-Aguilar.jpg\" alt=\"\" width=\"270\" height=\"270\" \/><\/h4>\n<h4>Elda\u00a0Aguilar<\/h4>\n<p><em><strong>Contadora<\/strong><\/em><\/p>\n<ul>\n<li>Asistente contable de varias empresas privadas<\/li>\n<li>Graduada de la Universidad Panamericana, Contadora P\u00fablica<\/li>\n<\/ul>\n<p>Como Contadora, Elda es responsable de mantener el funcionamiento apropiado de las cuentas a trav\u00e9s de un efectivo apoyo administrativo\/organizaci\u00f3n contable.<br \/>\n&nbsp;<\/p>\n<hr \/>\n<h4><img loading=\"lazy\" decoding=\"async\" class=\"wp-image-2459 alignnone size-medium\" style=\"float: right;\" src=\"https:\/\/cooperativeforeducation.box.com\/shared\/static\/4m39hog3h1hv2ehnqhmew2vq2fae8brl.jpg\" alt=\"\" width=\"270\" height=\"270\" \/><\/h4>\n<h4>Mynor Faustino Alonzo Saput<\/h4>\n<p><em><strong>Asistente Contable<\/strong><\/em><\/p>\n<ul>\n<li>Licenciatura en Contadur\u00eda P\u00fablica y Auditoria (Pensum Cerrado), de la universidad de San Carlos de Guatemala.<\/li>\n<li>Tres a\u00f1os de experiencia como Asistente Contable<\/li>\n<\/ul>\n<p>Como Asistente Contable, Mynor brinda apoyo con inventarios, informes mensuales de liquidaciones de viaje, control de caja chica, elaboraci\u00f3n de cheques y otras actividades contables.<\/p>\n<hr \/>\n<h4><img loading=\"lazy\" decoding=\"async\" class=\"wp-image-2459 alignnone size-medium\" style=\"float: right;\" src=\"https:\/\/coeduc.org\/es\/wp-content\/uploads\/2024\/03\/Dany-Donis.jpg\" alt=\"\" width=\"270\" height=\"270\" \/><\/h4>\n<h4>\u00a0Dany Donis<\/h4>\n<p><em><strong>Encargado de Bodega<\/strong><\/em><\/p>\n<ul>\n<li>Graduado de Perito Contador<\/li>\n<li>4 a\u00f1os de experiencia como asistente de bodega en la organizaci\u00f3n Save The Children y la compa\u00f1\u00eda Arte Fino<\/li>\n<\/ul>\n<p>Como Encargado de Bodega, Dany es responsable de los informes de la bodega y el control de inventario de libros de textos.\u00a0 Tambi\u00e9n se encarga de la flotilla de veh\u00edculos de la organizaci\u00f3n.<\/p>\n<hr \/>\n<h4><img loading=\"lazy\" decoding=\"async\" class=\"wp-image-2459 alignnone size-medium\" style=\"float: right;\" src=\"https:\/\/cooperativeforeducation.box.com\/shared\/static\/ixqzg63jfxl71uq35qgfzbqr7vt6lc7l.jpg\" alt=\"\" width=\"270\" height=\"270\" \/>Lucas Threlfall<\/h4>\n<p><strong><em>Coordinador de Procesamiento de Donaciones<\/em><\/strong><\/p>\n<ul>\n<li>Graduado de la Universidad de Louisville (Licenciatura en Ciencias Pol\u00edticas)<\/li>\n<li>\u00a0Experiencia en tecnolog\u00eda de la informaci\u00f3n, gobierno local y educaci\u00f3n internacional (incluyendo su labor como Asistente de Ense\u00f1anza de Ingl\u00e9s Fulbright en Espa\u00f1a).<\/li>\n<\/ul>\n<p>Como Coordinador de Procesamiento de Donaciones, Lucas se encarga de procesar y mantener los registros de donaciones, y de asegurar que los donantes reciban reconocimientos de manera oportuna. Tambi\u00e9n brinda apoyo administrativo al equipo financiero, asistiendo con la coordinaci\u00f3n de comit\u00e9s, conciliaciones, n\u00f3mina y administraci\u00f3n de beneficios.[\/et_pb_toggle][et_pb_toggle title=&#8221;IT y Operaciones&#8221; open_toggle_text_color=&#8221;#00337f&#8221; open_toggle_background_color=&#8221;#f4f4f4&#8243; closed_toggle_text_color=&#8221;#00337f&#8221; admin_label=&#8221;IT Y Operaciones&#8221; _builder_version=&#8221;4.27.6&#8243; title_font_size=&#8221;42&#8243; hover_enabled=&#8221;0&#8243; title_font_size_tablet=&#8221;&#8221; title_font_size_phone=&#8221;30&#8243; title_font_size_last_edited=&#8221;on|phone&#8221; global_colors_info=&#8221;{}&#8221; sticky_enabled=&#8221;0&#8243;]<\/p>\n<h4><img loading=\"lazy\" decoding=\"async\" class=\"wp-image-2459 alignnone size-medium\" style=\"float: right;\" src=\"https:\/\/coeduc.org\/es\/wp-content\/uploads\/2024\/03\/Horacio-Samayoa.jpg\" alt=\"\" width=\"270\" height=\"270\" \/><\/h4>\n<h4>Horacio Samayoa<\/h4>\n<p><em><strong>Director de Operaciones<\/strong><\/em><\/p>\n<ul>\n<li>Ex coordinador de desarrollo rural de CARE en Alta Verapaz<\/li>\n<li>Ingeniero Agr\u00f3nomo en Recursos Naturales Renovables\u00a0en\u00a0 la Universidad de San Carlos de Guatemala<\/li>\n<\/ul>\n<p>Como Director de Operaciones de la oficina de Guatemala, Horacio maneja las operaciones centrales en la oficina de Guatemala, incluido el desarrollo organizacional, las finanzas y el trabajo legal. Tambi\u00e9n apoya los programas a trav\u00e9s de la planeaci\u00f3n y la mejora de los procesos.<\/p>\n<hr \/>\n<h4><img loading=\"lazy\" decoding=\"async\" class=\"wp-image-2459 alignnone size-medium\" style=\"float: right;\" src=\"https:\/\/coeduc.org\/es\/wp-content\/uploads\/2024\/03\/Emerita-Perez.jpg\" alt=\"\" width=\"270\" height=\"270\" \/><\/h4>\n<h4>Emerita (Emy) P\u00e9rez<\/h4>\n<p><em><strong>Coordinadora de Recursos Humanos<\/strong><\/em><\/p>\n<ul>\n<li>18 a\u00f1os de experiencia en el sector no lucrativo<\/li>\n<li>Ex Asistente de Log\u00edstica de Catholic Relief Services<\/li>\n<li>Ex Asistente de Recursos Humanos de CARE<\/li>\n<li>Licenciatura en Administraci\u00f3n de Empresas en la Universidad Mariano G\u00e1lvez de Guatemala, Ciudad<\/li>\n<li>Maestr\u00eda en Recursos Humanos en la Universidad Mariano G\u00e1lvez de Guatemala.<\/li>\n<\/ul>\n<p><span style=\"font-weight: 400;\">Como Coordinadora de Recursos Humanos, Emy es responsable de la gesti\u00f3n de Recursos Humanos y de garantizar la aplicaci\u00f3n de pol\u00edticas y procedimientos generales. Tambi\u00e9n brinda apoyo en la organizaci\u00f3n de visitas especiales. Como miembro del equipo de liderazgo local, desempe\u00f1a un papel clave en establecer la estrategia general de programas de COED.<\/span><\/p>\n<hr \/>\n<h4><img loading=\"lazy\" decoding=\"async\" class=\"wp-image-2459 alignnone size-medium\" style=\"float: right;\" src=\"https:\/\/coeduc.org\/es\/wp-content\/uploads\/2024\/04\/Ann.jpg\" alt=\"\" width=\"270\" height=\"270\" \/><\/h4>\n<h4>Ann Dempsey, CFRE<\/h4>\n<p><em><strong>Directora del Producto Salesforce<\/strong><\/em><\/p>\n<ul>\n<li>Experiencia en el sector de ONG&#8217;s desde 2002, incluido el trabajo para la YWCA y la Interfaith Hospitality Network.<\/li>\n<li>Graduada de postgrado en Gesti\u00f3n sin fines de lucro en la Universidad de Northern Kentucky<\/li>\n<li>Licenciatura en Ciencias de la Computaci\u00f3n con Especializaci\u00f3n en Matem\u00e1ticas en la Universidad Xavier<\/li>\n<\/ul>\n<p>Como Diirectora del Productos Salesforce, Ann es la administradora residente de Salesforce y le encanta trabajar en colaboraci\u00f3n con los equipos de desarrollo y programas para identificar, desarrollar e implementar procesos comerciales mejorados utilizando Salesforce.<\/p>\n<hr \/>\n<h4><img loading=\"lazy\" decoding=\"async\" class=\"wp-image-2459 alignnone size-medium\" style=\"float: right;\" src=\"https:\/\/coeduc.org\/es\/wp-content\/uploads\/2024\/03\/Yesica-de-Leon.jpg\" alt=\"\" width=\"270\" height=\"270\" \/><\/h4>\n<h4>Yesica de\u00a0Le\u00f3n<\/h4>\n<p><em><strong>Asistente Recepcionista<\/strong><\/em><\/p>\n<ul>\n<li>T\u00edtulo del nivel diversificado como Perito Contador<\/li>\n<li>Beneficiada por el programa de Becas de la organizaci\u00f3n COED 2012-2017<\/li>\n<li>Actualmente estudiando Administraci\u00f3n de Empresas en la Universidad Mariano G\u00e1lvez<\/li>\n<\/ul>\n<p>Como Asistente Recepcionista, Yesica brinda apoyo con las llamadas telef\u00f3nicas.\u00a0 Tambi\u00e9n coordina la mensajer\u00eda y brinda apoyo administrativo a las Direcciones y Recursos Humanos.<\/p>\n<hr \/>\n<h4><img loading=\"lazy\" decoding=\"async\" class=\"wp-image-2459 alignnone size-medium\" style=\"float: right;\" src=\"https:\/\/coeduc.org\/es\/wp-content\/uploads\/2024\/03\/Felipe-Samuel-Garcia.jpg\" alt=\"\" width=\"270\" height=\"270\" \/><\/h4>\n<h4>\u00a0Samuel Molina<\/h4>\n<p><em><strong>Mensajero<\/strong><\/em><\/p>\n<ul>\n<li>M\u00e1s de 12 a\u00f1os de experiencia como piloto mensajero.<\/li>\n<\/ul>\n<p>Samuel se encarga de la mensajer\u00eda de la oficina de Guatemala.\u00a0 \u00c9l tambi\u00e9n provee apoyo de mantenimiento en la oficina.<\/p>\n<p>&nbsp;<\/p>\n<p>&nbsp;<\/p>\n<hr \/>\n<h4><img loading=\"lazy\" decoding=\"async\" class=\"wp-image-2459 alignnone size-medium\" style=\"float: right;\" src=\"https:\/\/coeduc.org\/es\/wp-content\/uploads\/2024\/03\/Vilma-Monterroso.jpg\" alt=\"\" width=\"270\" height=\"270\" \/><\/h4>\n<h4><\/h4>\n<h4>\u00a0Vilma Monterroso<\/h4>\n<p><em><strong>Conserje<\/strong><\/em><\/p>\n<p>Vilma se encarga de la limpieza de la oficina y hospitalidad general de la oficina de Guatemala.<\/p>\n<p>&nbsp;<\/p>\n<p>&nbsp;<\/p>\n<p>&nbsp;<\/p>\n<hr \/>\n<h4><img loading=\"lazy\" decoding=\"async\" class=\"wp-image-2459 alignnone size-medium\" style=\"float: right;\" src=\"https:\/\/coeduc.org\/es\/wp-content\/uploads\/2024\/03\/Julio-Asturias.jpg\" alt=\"\" width=\"270\" height=\"270\" \/><\/h4>\n<h4><\/h4>\n<h4>Julio Asturias<\/h4>\n<p><em><strong>Conserje\/Mantenimiento<\/strong><\/em><\/p>\n<ul>\n<li>Ocho a\u00f1os de experiencia como conserje<\/li>\n<\/ul>\n<p>Julio se encarga de limpiar y darle mantenimiento general a la oficina de Guatemala.<\/p>\n<p>&nbsp;<\/p>\n<hr \/>\n<h4><img loading=\"lazy\" decoding=\"async\" class=\"wp-image-2459 alignnone size-medium\" style=\"float: right;\" src=\"https:\/\/cooperativeforeducation.box.com\/shared\/static\/u5qtsl1u3hjbbfaqutxa5hp4mbp2jp9n.jpg\" alt=\"\" width=\"270\" height=\"270\" \/><\/h4>\n<h4>Mario Mus<\/h4>\n<p><em><strong>Coordinator de IT<\/strong><\/em><\/p>\n<ul>\n<li>Licenciatura en Sistemas de Informaci\u00f3n en la Universidad Mariano G\u00e1lvez de Guatemala<\/li>\n<li>Cuatro a\u00f1os de experiencia en Puma Energy, S.A. como Senior Desktop Support Engineer<\/li>\n<li>Catorce a\u00f1os de experiencia en COED, como Encargado del \u00e1rea de IT<\/li>\n<\/ul>\n<p>Como Coordinador de IT, Mario, es responsable de la administraci\u00f3n de los equipos y sistemas inform\u00e1ticos de la Asociaci\u00f3n COED, Guatemala.<\/p>\n<hr \/>\n<h4><img loading=\"lazy\" decoding=\"async\" class=\"wp-image-2459 alignnone size-medium\" style=\"float: right;\" src=\"https:\/\/coeduc.org\/es\/wp-content\/uploads\/2024\/03\/Alvaro-Rodriguez.jpg\" alt=\"\" width=\"270\" height=\"270\" \/><\/h4>\n<h4>Alvaro Rodr\u00edguez<\/h4>\n<p><em><strong>Auxiliar de IT<\/strong><\/em><\/p>\n<ul>\n<li>Dos a\u00f1os de experiencia como t\u00e9cnico en computaci\u00f3n<\/li>\n<li>Estudiando la licenciatura en Sistemas de informaci\u00f3n en la universidad Mariano G\u00e1lvez<\/li>\n<\/ul>\n<p>Como Auxiliar de IT, Alvaro es responsable del control de inventario, dar mantenimiento de las computadoras del personal de COED y dar soporte t\u00e9cnico a los centros de computaci\u00f3n.<\/p>\n<p>&nbsp;<\/p>\n<hr \/>\n<h4>Edith Cruz<\/h4>\n<p><em><strong>Coordinadora de IT\/Sistemas<\/strong><\/em><\/p>\n<ul>\n<li>Actualmente estudiando sistemas de informaci\u00f3n empresarial en la Universidad de Northern Kentucky.<\/li>\n<li>Experiencia en ONGs desde 2018, incluyendo sirvendo en el equipo de la Junta Directiva del campamento Latinx Leadership &amp; College Experience.<\/li>\n<li>Experiencia trabajando en el sector Universitaria desde 2018 en varios departamentos, pero principalmente como enlace entre estudiantes y comunidad para apoyar el acceso a la Educaci\u00f3n a trav\u00e9s de una planificaci\u00f3n estrat\u00e9gica multiling\u00fce y culturalmente receptiva.<\/li>\n<\/ul>\n<p>Como Coordinadora de Desarrollo y Apoyo de Sistemas, Edith ayuda a mantener las bases de datos de CoEd, adem\u00e1s de brindar apoyo con proyectos que se llevan a cabo en todos nuestros sistemas y solucionar cualquier problema de TI que nuestro personal pueda encontrar en el d\u00eda a d\u00eda.<\/p>\n<p>[\/et_pb_toggle][et_pb_toggle title=&#8221;Recaudaci\u00f3n de Fondos&#8221; open_toggle_text_color=&#8221;#00337f&#8221; open_toggle_background_color=&#8221;#f4f4f4&#8243; closed_toggle_text_color=&#8221;#00337f&#8221; admin_label=&#8221;Recaudaci\u00f3n de Fondos&#8221; _builder_version=&#8221;4.27.4&#8243; title_font_size=&#8221;42&#8243; title_font_size_tablet=&#8221;&#8221; title_font_size_phone=&#8221;30&#8243; title_font_size_last_edited=&#8221;on|phone&#8221; z_index_tablet=&#8221;500&#8243; global_colors_info=&#8221;{}&#8221;]<\/p>\n<h4><img loading=\"lazy\" decoding=\"async\" class=\"wp-image-2372 alignnone alignright\" src=\"https:\/\/coeduc.org\/es\/wp-content\/uploads\/2024\/04\/Abby.jpg\" alt=\"\" width=\"270\" height=\"270\" \/><\/h4>\n<h4>Abby Gaide<\/h4>\n<p><em><strong>Directora de Desarrollo<\/strong><\/em><\/p>\n<ul>\n<li>Licenciatura en Historia en la Universidad de Valparaiso<\/li>\n<li>Maestr\u00eda en Historia de los Estados Unidos en la Universidad de Cincinnati<\/li>\n<li>4 a\u00f1os de experiencia en ONG&#8217;s, incluyendo con la Asociaci\u00f3n Cristiana de J\u00f3venes<\/li>\n<\/ul>\n<p>Como Directora de Desarrollo, Abby es responsable de la estrategia general de recaudaci\u00f3n de fondos y gestiona una cartera de relaciones con donantes individuales, fundaciones e institucionales.<\/p>\n<hr \/>\n<h4><img loading=\"lazy\" decoding=\"async\" class=\"wp-image-2372 alignnone  alignright\" src=\"https:\/\/cooperativeforeducation.box.com\/shared\/static\/8a5znbr2bepywesft7297thiwf29rwzj.jpg\" alt=\"\" width=\"270\" height=\"270\" \/><\/h4>\n<h4>Howard Lobb<\/h4>\n<p><em><strong>Director de Desarrollo de Alianzas<\/strong><\/em><\/p>\n<ul>\n<li>8 a\u00f1os de experiencia trabajando en la industria tecnol\u00f3gica para Lexmark, B\/E Aerospace, y ImageX.com<\/li>\n<li>Licenciatura en Ingenier\u00eda Mec\u00e1nica en la Universidad Valparaiso<\/li>\n<li>Experiencia en la implementaci\u00f3n de proyectos de desarrollo en Guatemala desde 1999<\/li>\n<li>Co Fundador de la divisi\u00f3n de Centros de Computaci\u00f3n de COED en 2001<\/li>\n<\/ul>\n<p>Como Director de Desarrollo de Alianzas, Howard es responsable de la colaboraci\u00f3n y las relaciones con los donantes en Guatemala y los EE.UU., as\u00ed como con organizaciones sin fines de lucro asociadas en Guatemala.<\/p>\n<hr \/>\n<h4><img loading=\"lazy\" decoding=\"async\" class=\"wp-image-2372 alignnone alignright\" src=\"https:\/\/coeduc.org\/es\/wp-content\/uploads\/2024\/04\/Jess.jpg\" width=\"270\" height=\"270\" \/><\/h4>\n<h4>Jessica Stieritz<\/h4>\n<p><em><strong>Enlace con Rotary International<\/strong><\/em><\/p>\n<ul>\n<li>Experiencia profesional en el sector de organizaciones sin fines de lucro desde 2000, incluido el trabajo para Programas de la Paz y Justicia en Universidad Xavier y como voluntaria Jesuita<\/li>\n<li>Licenciatura en Ingles en la Universidad Xavier<\/li>\n<li>Miembra del Club Rotario Pathways Ohio<\/li>\n<\/ul>\n<p>Como Enlace con Rotary Internacional, Jessica es responsable de gestionar la red de COED con los rotarios y los clubes rotarios, el Proyecto de Lietertura de Guatemala (GLP), la planificaci\u00f3n de los itinerarios de tours en Guatemala y otros proyectos especiales.<\/p>\n<hr \/>\n<h4><img loading=\"lazy\" decoding=\"async\" class=\"wp-image-2372 alignright\" src=\"https:\/\/coeduc.org\/es\/wp-content\/uploads\/2024\/04\/Lisa.jpg\" alt=\"\" width=\"270\" height=\"270\" \/><\/h4>\n<h4>Lisa Groh<\/h4>\n<p><em><strong>Gerente Senior de Subvenciones y Estrategia<\/strong><\/em><\/p>\n<ul>\n<li>Experiencia en dise\u00f1o e implementaci\u00f3n de p\u00e1ginas web para organizaciones sin fines de lucro, incluye la validaci\u00f3n de la accesibilidad y las prueba de usabilidad<\/li>\n<li>Maestr\u00eda en Escritura Ingresa y Profesional en la Universidad de Cincinnati<\/li>\n<li>Licenciatura en Ingles y Psicolog\u00eda con asignatura secundaria en Espa\u00f1ol en la Universidad de Muskingum<\/li>\n<\/ul>\n<p>Como Gerente Senior de Subvenciones y Estrategia, Lisa administra el programa de subvenciones y prepara los informes y propuestas de las subvenciones, as\u00ed como otro material para mercadeo.\u00a0 Tambi\u00e9n se encarga de la actualizaci\u00f3n de la p\u00e1gina web.<\/p>\n<hr \/>\n<h4><img loading=\"lazy\" decoding=\"async\" class=\"wp-image-2372 alignnone alignright\" src=\"https:\/\/coeduc.org\/es\/wp-content\/uploads\/2024\/04\/Amanda.jpg\" alt=\"\" width=\"270\" height=\"270\" \/><\/h4>\n<h4>\u00a0Amanda Wirthlin<\/h4>\n<p><em><strong>Encargada Senior de Donaciones Individuales<\/strong><\/em><\/p>\n<ul>\n<li>Experiencia profesional trabajando con ONGs en Centroam\u00e9rica desde 2013, incluyendo dos a\u00f1os en Antigua, Guatemala.<\/li>\n<li>Graduada de la Universidad Anderson (Licenciatura en Gesti\u00f3n Empresarial, 2010)<\/li>\n<li>Graduada de la Universidad de Cincinnati, Facultad de Ciencias de la Salud Afines (MA, 2020)<\/li>\n<li>Terapeuta de habla actualmente sirviendo a familias hispanohablantes en Wilmington, Carolina del Norte.<\/li>\n<\/ul>\n<p><span style=\"font-weight: 400;\">Como Gerente Senior de Donaciones Individuales, Amanda se comunica con los donantes y patrocinadores de Major Gift para administrar las donaciones y colaborar en oportunidades de financiamiento para llegar a m\u00e1s familias en Guatemala.<\/span><\/p>\n<hr \/>\n<h4><img loading=\"lazy\" decoding=\"async\" class=\"wp-image-2372 alignright\" src=\"https:\/\/cooperativeforeducation.box.com\/shared\/static\/n7h7yh226ul0cozngi9vs3ddg296kk91.jpg\" alt=\"\" width=\"270\" height=\"270\" \/><\/h4>\n<h4>\u00a0<\/h4>\n<h4>Jaclyn Lynch<\/h4>\n<p><em><strong>Gerente de Desarrollo<\/strong><\/em><\/p>\n<ul>\n<li>Graduada de la Universidad de Ohio (Maestr\u00eda y licenciatura en Sociolog\u00eda)<\/li>\n<li>2 a\u00f1os de experiencia en el sector sin fines de lucro, incluyendo trabajo con Restavek Freedom<\/li>\n<\/ul>\n<p>Como Gerente de Desarrollo, Jaclyn administra la Fiesta anual de oto\u00f1o de CoEd y otros eventos especiales. Tambi\u00e9n es responsable de la gesti\u00f3n de la oficina y el procesamiento de donaciones.<\/p>\n<p>&nbsp;<\/p>\n<hr \/>\n<h4><img loading=\"lazy\" decoding=\"async\" class=\"wp-image-2372 alignnone alignright\" src=\"https:\/\/coeduc.org\/es\/wp-content\/uploads\/2024\/04\/McKinley.jpg\" alt=\"\" width=\"270\" height=\"270\" \/>McKinley Wagner<\/h4>\n<p><em><strong>Coordinadora de Patrocinadores<\/strong><\/em><\/p>\n<ul>\n<li>Graduada de Eastern Kentucky University (Licenciaturas en Espa\u00f1ol)<\/li>\n<li>Tres a\u00f1os de experiencia trabajando en Educaci\u00f3n Internacional.<\/li>\n<\/ul>\n<p>Como Coordinadora de Patrocinadores, McKinley es responsable de las comunicaciones y actualizaciones del programa para los patrocinadores. Tambi\u00e9n ayuda con el mantenimiento de datos y otros proyectos.<\/p>\n<p>&nbsp;<\/p>\n<hr \/>\n<h4><img loading=\"lazy\" decoding=\"async\" class=\"wp-image-2372 alignnone alignright\" src=\"https:\/\/coeduc.org\/es\/wp-content\/uploads\/2024\/04\/Savannah.jpg\" alt=\"\" width=\"270\" height=\"270\" \/><\/h4>\n<h4>Savannah Gulick<\/h4>\n<p><em><strong>Coordinadora de Relaciones con Donantes<\/strong><\/em><\/p>\n<ul>\n<li>Graduada de la Universidad de Cincinnati (Licenciatura en Espa\u00f1ol, Licenciatura en Relaciones Internacionales)<\/li>\n<li>Experiencia trabajando en educaci\u00f3n como profesora de espa\u00f1ol<\/li>\n<li>Experiencia en el sector de ONGs (incluyendo Peace Corps)<\/li>\n<\/ul>\n<p>Como Coordinadora de Relaciones con Donantes, Savannah es responsable de apoyar las giras de CoEd a Guatemala, la recaudaci\u00f3n de fondos y el procesamiento de donaciones del Proyecto de Guatemala Literacy, y el equipo de Major Gift en la administraci\u00f3n de donaciones y la comunicaci\u00f3n con los donantes.<\/p>\n<hr \/>\n<h4><img loading=\"lazy\" decoding=\"async\" class=\"wp-image-2372 alignnone alignright\" src=\"https:\/\/coeduc.org\/es\/wp-content\/uploads\/2024\/04\/Jenny.jpg\" alt=\"\" width=\"270\" height=\"270\" \/><\/h4>\n<h4>Jenny Rios<\/h4>\n<p><em><strong>Especialista de Desarollo<\/strong><\/em><\/p>\n<ul>\n<li>Graduada de la Universidad Estatal de California, Islas del Canal (Licenciatura en Ciencias Pol\u00edticas, Licenciatura en Estudios Globales)<\/li>\n<li>Experiencia trabajando en educaci\u00f3n a nivel universitario y de preparaci\u00f3n universitaria.<\/li>\n<\/ul>\n<p><span style=\"font-weight: 400;\">Como Especialista de Desarrollo, Jenny es responsable de apoyar al personal con las operaciones diarias, adem\u00e1s de ayudar a conectar a los donantes con estudiantes y escuelas en Guatemala.<\/span><\/p>\n<hr \/>\n<h4><img loading=\"lazy\" decoding=\"async\" class=\"wp-image-2372 alignnone alignright\" src=\"https:\/\/coeduc.org\/es\/wp-content\/uploads\/2024\/07\/Ashley_Headshot.jpg\" alt=\"\" width=\"270\" height=\"270\" \/>Ashley Pinnell<\/h4>\n<p><em><strong>Coordinadora de Desarollo<\/strong><\/em><\/p>\n<ul>\n<li>Graduado de la Universidad de Santa Clara (Licenciatura en Comunicaciones, Maestr\u00eda en Educaci\u00f3n)<\/li>\n<li>Experiencia en el sector educativo desde 2016, incluyendo admisiones y educaci\u00f3n universitaria.<\/li>\n<\/ul>\n<p>Como Coordinadora de Desarrollo, Ashley apoya al equipo de Subvenciones en el mantenimiento de las relaciones entre cooperativas y fundaciones, investigaci\u00f3n de prospectos y ciclos de subvenciones. Tambi\u00e9n trabaja para involucrar a clubes rotarios nuevos y activos para aumentar el apoyo al programa.<\/p>\n<hr \/>\n<h4><img loading=\"lazy\" decoding=\"async\" class=\"wp-image-2372 alignnone alignright\" src=\"https:\/\/coeduc.org\/es\/wp-content\/uploads\/2024\/07\/David_Headshot.jpg\" alt=\"\" width=\"270\" height=\"270\" \/><\/h4>\n<h4>David Gehret<\/h4>\n<p><em><strong>Coordinador de Desarollo<\/strong><\/em><\/p>\n<ul>\n<li>Graduado de la Universidad de Cincinnati (Licenciatura en Liderazgo Organizacional)<\/li>\n<li>Experiencia en el sector de educaci\u00f3n universitaria espec\u00edficamente en facturaci\u00f3n, pagos y registro.<\/li>\n<\/ul>\n<p>Como Coordinador de Desarrollo, David apoya al equipo de Donaciones Individuales siendo un contacto para donantes, giras y prospecci\u00f3n para el programa de Becas y Desarrollo Juvenil , y coordinaci\u00f3n de voluntarios.<\/p>\n<hr \/>\n<h4><img loading=\"lazy\" decoding=\"async\" class=\"wp-image-2372 alignnone alignright\" src=\"https:\/\/cooperativeforeducation.box.com\/shared\/static\/7kgczyos2dvhgojjf0mydqhacja2ba8r.jpg\" alt=\"\" width=\"270\" height=\"270\" \/><\/h4>\n<h4>Mar\u00eda Jos\u00e9 Mendez Marinelli<\/h4>\n<p><em><strong>Especialista en visitas de donantes<\/strong><\/em><\/p>\n<ul>\n<li>Licenciatura en Psicolog\u00eda en la Universidad de San Carlos de Guatemala.<\/li>\n<li>Actualmente cursando Maestr\u00eda en Neuropsicolog\u00eda Cl\u00ednica y Neuroeducaci\u00f3n.<\/li>\n<li>Bachillerato International<\/li>\n<li>3 a\u00f1os de experiencia como traductora en ONGs.<\/li>\n<\/ul>\n<p>Como Especialista en visitas de donantes, Maria Jos\u00e9 es responsable de los detalles de la planificaci\u00f3n y log\u00edstica de las visitas a las escuelas. Coordinar con los equipos de los programas y las escuelas para organizar y programar las visitas y experiencias en las escuelas.<\/p>\n<hr \/>\n<h4><img loading=\"lazy\" decoding=\"async\" class=\"wp-image-2372 alignnone alignright\" src=\"https:\/\/cooperativeforeducation.box.com\/shared\/static\/mg0lb0l111smrmjtize15jfurt8z2h9a.jpg\" alt=\"\" width=\"270\" height=\"270\" \/><\/h4>\n<h4>Lindsey Briggs<\/h4>\n<p><em><strong>Coordinadora de Desarrollos<\/strong><\/em><\/p>\n<ul>\n<li>Graduada de la Universidad Estatal de Ohio (Licenciatura en Historia).<\/li>\n<li>Cuenta con experiencia en el sector de ONGs, abogando por personas con enfermedades renales.<\/li>\n<li>Posee una trayectoria en el servicio p\u00fablico como bibliotecaria de servicios juveniles, promoviendo la alfabetizaci\u00f3n y el acceso a la educaci\u00f3n.<\/li>\n<\/ul>\n<p>Como Coordinadora de Desarrollo, Lindsey apoya las necesidades operativas de la organizaci\u00f3n mientras fomenta v\u00ednculos entre donantes y estudiantes en Guatemala.<\/p>\n<hr \/>\n<h4><img loading=\"lazy\" decoding=\"async\" class=\"wp-image-2372 alignnone alignright\" src=\"https:\/\/cooperativeforeducation.box.com\/shared\/static\/n84cnq08hsariu4xi8mrk2jc3kge0jye.jpg\" alt=\"\" width=\"270\" height=\"270\" \/><\/h4>\n<h4>Alexa Ollier<\/h4>\n<p><em><strong>Coordinadora de Subvenciones<\/strong><\/em><\/p>\n<ul>\n<li>Graduada de la Universidad de Xavier (Licenciatura en Filosof\u00eda, con especializaciones en Alem\u00e1n y Negocios).<\/li>\n<li>Experiencia en ONGs desde 2023, incluyendo visitas especiales, atenci\u00f3n a donantes y competencia cultural..<\/li>\n<\/ul>\n<p>Como Coordinadora de Subvenciones, Alexa apoya al equipo de Subvenciones en el mantenimiento de las relaciones con fundaciones y empresas, la investigaci\u00f3n de prospectos y los ciclos de subvenciones. Tambi\u00e9n trabaja para involucrar a clubes rotarios nuevos y activos para aumentar el apoyo al programa.<\/p>\n<p>[\/et_pb_toggle][et_pb_toggle title=&#8221;Marketing&#8221; open_toggle_text_color=&#8221;#00337f&#8221; open_toggle_background_color=&#8221;#f4f4f4&#8243; closed_toggle_text_color=&#8221;#00337f&#8221; admin_label=&#8221;Marketing&#8221; _builder_version=&#8221;4.27.4&#8243; title_font_size=&#8221;42&#8243; title_font_size_tablet=&#8221;&#8221; title_font_size_phone=&#8221;30&#8243; title_font_size_last_edited=&#8221;on|phone&#8221; z_index_tablet=&#8221;500&#8243; global_colors_info=&#8221;{}&#8221;]<\/p>\n<h4><img loading=\"lazy\" decoding=\"async\" class=\"wp-image-2372 alignnone  alignright\" src=\"https:\/\/coeduc.org\/es\/wp-content\/uploads\/2024\/04\/Emily.jpg\" alt=\"\" width=\"270\" height=\"270\" \/><\/h4>\n<h4>Emily Swisher<\/h4>\n<p><em><strong>Gerente de Marketing y Difusi\u00f3n<\/strong><\/em><\/p>\n<ul>\n<li>Cinco a\u00f1os de experiencia de marketing y comunicaciones en ONGs, incluyendo trabajo con centro del holocausto y la humanidad como practicante del Scripps Howard.<\/li>\n<li>Experiencia en el sector privado en gesti\u00f3n de oficinas y recursos humanos<\/li>\n<li>Graduada de la Universidad del Norte de Kentucky (Licenciatura, Estudios de Escritura)<\/li>\n<\/ul>\n<p>Como Coordinadora de Marketing y Difusi\u00f3n, Emily es responsable de aumentar la visibilidad y el apoyo a CoEd a trav\u00e9s del reclutamiento de participantes de visitas especiales y patrocinadores.<\/p>\n<hr \/>\n<h4><img loading=\"lazy\" decoding=\"async\" class=\"wp-image-2372 alignnone  alignright\" src=\"https:\/\/coeduc.org\/es\/wp-content\/uploads\/2024\/07\/Joy_Headshot.jpg\" alt=\"\" width=\"270\" height=\"270\" \/><\/h4>\n<h4>Joy Chou<\/h4>\n<p><em><strong>Especialista de Comunicaciones\u00a0<\/strong><\/em><\/p>\n<ul>\n<li>Graduada de la Universidad de Kentucky (Licenciatura en Administraci\u00f3n de Artes)<\/li>\n<li>Experiencia en el sector de ONGs desde el a\u00f1o 2020, incluyendo\u00a0 el trabajo para la Universidad de Kentucky, la Academia Central de M\u00fasica y el Instituto Smithsonian.<\/li>\n<\/ul>\n<p>Como especialista de comunicaciones, Joy es responsable de ejecutar la estrategia de marketing de CoEd, incluyendo la creaci\u00f3n de contenido, as\u00ed como la gesti\u00f3n de redes sociales y sitios web. Tambi\u00e9n sirve como coordinadora de voluntarios.<\/p>\n<hr \/>\n<h4><img loading=\"lazy\" decoding=\"async\" class=\"wp-image-2372 alignnone  alignright\" src=\"https:\/\/cooperativeforeducation.box.com\/shared\/static\/s4r2nkr8s4z7d0cgtv6hm0ecx6me9xcl.jpg\" alt=\"\" width=\"270\" height=\"270\" \/><\/h4>\n<h4>Luis Mario Mart\u00ednez Balcarcel<\/h4>\n<p><em><strong>Oficial de Comunicaci\u00f3n y Desarrollo de Alianzas\u00a0<\/strong><\/em><\/p>\n<ul>\n<li>Maestr\u00eda en Marketing Digital de la universidad Inter Naciones<\/li>\n<li>Licenciatura en Literatura y Lenguaje de la Universidad Francisco Marroqu\u00edn<\/li>\n<li>Mas de 12 a\u00f1os de experiencia en el campo de comunicaciones con ONGs.<\/li>\n<li>Trabaj\u00f3 como periodista y ha editado libros de texto con la editorial Santillana y escrito libros para ni\u00f1os.<\/li>\n<\/ul>\n<p>El Oficial de Comunicaci\u00f3n de Desarrollo de Alianzas, Luis Mario es responsable de apoyar al DPD en Guatemala y al equipo de Marketing en los EE. UU., desarrolla e implementa planes de comunicaci\u00f3n y marketing para ayudar a aumentar la conciencia sobre el trabajo de COED con nuestros donantes actuales y con nuevas audiencias. .<\/p>\n<p>[\/et_pb_toggle][\/et_pb_column][\/et_pb_row][\/et_pb_section][et_pb_section fb_built=&#8221;1&#8243; admin_label=&#8221;section&#8221; module_class=&#8221;divider-image&#8221; _builder_version=&#8221;4.21.0&#8243; use_background_color_gradient=&#8221;on&#8221; background_color_gradient_stops=&#8221;#ffffff 0%|rgba(255,255,255,0) 52%&#8221; background_color_gradient_start=&#8221;#ffffff&#8221; background_color_gradient_end=&#8221;rgba(255,255,255,0)&#8221; background_color_gradient_end_position=&#8221;52%&#8221; background_image=&#8221;https:\/\/coeduc.org\/es\/wp-content\/uploads\/2023\/11\/Equipo-COED-1.jpg&#8221; background_blend=&#8221;overlay&#8221; locked=&#8221;off&#8221; global_colors_info=&#8221;{}&#8221;][et_pb_row _builder_version=&#8221;4.16&#8243; background_size=&#8221;initial&#8221; background_position=&#8221;top_left&#8221; background_repeat=&#8221;repeat&#8221; global_colors_info=&#8221;{}&#8221;][et_pb_column type=&#8221;4_4&#8243; _builder_version=&#8221;4.16&#8243; custom_padding=&#8221;|||&#8221; global_colors_info=&#8221;{}&#8221; custom_padding__hover=&#8221;|||&#8221;][et_pb_divider show_divider=&#8221;off&#8221; disabled_on=&#8221;on|on|off&#8221; _builder_version=&#8221;4.16&#8243; height=&#8221;400px&#8221; hide_on_mobile=&#8221;on&#8221; global_colors_info=&#8221;{}&#8221;]<\/p>\n<p>\n&nbsp;<\/p>\n<p>[\/et_pb_divider][\/et_pb_column][\/et_pb_row][\/et_pb_section]<\/p>\n","protected":false},"excerpt":{"rendered":"<p>Joseph Berninger Co-Fundador\/Director Ejecutivo Ex representante de mercadeo de la Corporaci\u00f3n de IBM Maestr\u00eda en Estudios Religiosos en la Universidad de Colorado Licenciatura en Historia en la Universidad Xavier Ha implementado proyectos de desarrollo en Guatemala desde 1997 Como Director Ejecutivo, Joe es responsable de establecer y supervisar la estrategia, visi\u00f3n y direcci\u00f3n organizacional de [&hellip;]<\/p>\n","protected":false},"author":1,"featured_media":0,"parent":0,"menu_order":0,"comment_status":"closed","ping_status":"closed","template":"","meta":{"_et_pb_use_builder":"on","_et_pb_old_content":"","_et_gb_content_width":"","footnotes":""},"class_list":["post-451","page","type-page","status-publish","hentry"],"yoast_head":"<!-- This site is optimized with the Yoast SEO plugin v27.3 - https:\/\/yoast.com\/product\/yoast-seo-wordpress\/ -->\n<title>Personal - Cooperative for Education<\/title>\n<meta name=\"robots\" content=\"index, follow, max-snippet:-1, max-image-preview:large, max-video-preview:-1\" \/>\n<link rel=\"canonical\" href=\"https:\/\/coeduc.org\/es\/personal\/\" \/>\n<meta property=\"og:locale\" content=\"en_US\" \/>\n<meta property=\"og:type\" content=\"article\" \/>\n<meta property=\"og:title\" content=\"Personal - Cooperative for Education\" \/>\n<meta property=\"og:description\" content=\"Joseph Berninger Co-Fundador\/Director Ejecutivo Ex representante de mercadeo de la Corporaci\u00f3n de IBM Maestr\u00eda en Estudios Religiosos en la Universidad de Colorado Licenciatura en Historia en la Universidad Xavier Ha implementado proyectos de desarrollo en Guatemala desde 1997 Como Director Ejecutivo, Joe es responsable de establecer y supervisar la estrategia, visi\u00f3n y direcci\u00f3n organizacional de [&hellip;]\" \/>\n<meta property=\"og:url\" content=\"https:\/\/coeduc.org\/es\/personal\/\" \/>\n<meta property=\"og:site_name\" content=\"Cooperative for Education\" \/>\n<meta property=\"article:modified_time\" content=\"2026-04-23T13:41:20+00:00\" \/>\n<meta property=\"og:image\" content=\"https:\/\/coeduc.org\/es\/wp-content\/uploads\/2023\/11\/Joe.jpg\" \/>\n\t<meta property=\"og:image:width\" content=\"640\" \/>\n\t<meta property=\"og:image:height\" content=\"640\" \/>\n\t<meta property=\"og:image:type\" content=\"image\/jpeg\" \/>\n<meta name=\"twitter:card\" content=\"summary_large_image\" \/>\n<meta name=\"twitter:label1\" content=\"Est. reading time\" \/>\n\t<meta name=\"twitter:data1\" content=\"48 minutes\" \/>\n<script type=\"application\/ld+json\" class=\"yoast-schema-graph\">{\"@context\":\"https:\\\/\\\/schema.org\",\"@graph\":[{\"@type\":\"WebPage\",\"@id\":\"https:\\\/\\\/coeduc.org\\\/es\\\/personal\\\/\",\"url\":\"https:\\\/\\\/coeduc.org\\\/es\\\/personal\\\/\",\"name\":\"Personal - Cooperative for Education\",\"isPartOf\":{\"@id\":\"https:\\\/\\\/coeduc.org\\\/es\\\/#website\"},\"primaryImageOfPage\":{\"@id\":\"https:\\\/\\\/coeduc.org\\\/es\\\/personal\\\/#primaryimage\"},\"image\":{\"@id\":\"https:\\\/\\\/coeduc.org\\\/es\\\/personal\\\/#primaryimage\"},\"thumbnailUrl\":\"https:\\\/\\\/coeduc.org\\\/es\\\/wp-content\\\/uploads\\\/2024\\\/04\\\/Joe.jpg\",\"datePublished\":\"2017-10-11T18:15:59+00:00\",\"dateModified\":\"2026-04-23T13:41:20+00:00\",\"breadcrumb\":{\"@id\":\"https:\\\/\\\/coeduc.org\\\/es\\\/personal\\\/#breadcrumb\"},\"inLanguage\":\"en-US\",\"potentialAction\":[{\"@type\":\"ReadAction\",\"target\":[\"https:\\\/\\\/coeduc.org\\\/es\\\/personal\\\/\"]}]},{\"@type\":\"ImageObject\",\"inLanguage\":\"en-US\",\"@id\":\"https:\\\/\\\/coeduc.org\\\/es\\\/personal\\\/#primaryimage\",\"url\":\"https:\\\/\\\/coeduc.org\\\/es\\\/wp-content\\\/uploads\\\/2023\\\/11\\\/Joe.jpg\",\"contentUrl\":\"https:\\\/\\\/coeduc.org\\\/es\\\/wp-content\\\/uploads\\\/2023\\\/11\\\/Joe.jpg\",\"width\":640,\"height\":640},{\"@type\":\"BreadcrumbList\",\"@id\":\"https:\\\/\\\/coeduc.org\\\/es\\\/personal\\\/#breadcrumb\",\"itemListElement\":[{\"@type\":\"ListItem\",\"position\":1,\"name\":\"Home\",\"item\":\"https:\\\/\\\/coeduc.org\\\/es\\\/\"},{\"@type\":\"ListItem\",\"position\":2,\"name\":\"Personal\"}]},{\"@type\":\"WebSite\",\"@id\":\"https:\\\/\\\/coeduc.org\\\/es\\\/#website\",\"url\":\"https:\\\/\\\/coeduc.org\\\/es\\\/\",\"name\":\"Cooperative for Education\",\"description\":\"Breaking the Cycle of Poverty in Guatemala\",\"potentialAction\":[{\"@type\":\"SearchAction\",\"target\":{\"@type\":\"EntryPoint\",\"urlTemplate\":\"https:\\\/\\\/coeduc.org\\\/es\\\/?s={search_term_string}\"},\"query-input\":{\"@type\":\"PropertyValueSpecification\",\"valueRequired\":true,\"valueName\":\"search_term_string\"}}],\"inLanguage\":\"en-US\"}]}<\/script>\n<!-- \/ Yoast SEO plugin. -->","yoast_head_json":{"title":"Personal - Cooperative for Education","robots":{"index":"index","follow":"follow","max-snippet":"max-snippet:-1","max-image-preview":"max-image-preview:large","max-video-preview":"max-video-preview:-1"},"canonical":"https:\/\/coeduc.org\/es\/personal\/","og_locale":"en_US","og_type":"article","og_title":"Personal - Cooperative for Education","og_description":"Joseph Berninger Co-Fundador\/Director Ejecutivo Ex representante de mercadeo de la Corporaci\u00f3n de IBM Maestr\u00eda en Estudios Religiosos en la Universidad de Colorado Licenciatura en Historia en la Universidad Xavier Ha implementado proyectos de desarrollo en Guatemala desde 1997 Como Director Ejecutivo, Joe es responsable de establecer y supervisar la estrategia, visi\u00f3n y direcci\u00f3n organizacional de [&hellip;]","og_url":"https:\/\/coeduc.org\/es\/personal\/","og_site_name":"Cooperative for Education","article_modified_time":"2026-04-23T13:41:20+00:00","og_image":[{"width":640,"height":640,"url":"https:\/\/coeduc.org\/es\/wp-content\/uploads\/2023\/11\/Joe.jpg","type":"image\/jpeg"}],"twitter_card":"summary_large_image","twitter_misc":{"Est. reading time":"48 minutes"},"schema":{"@context":"https:\/\/schema.org","@graph":[{"@type":"WebPage","@id":"https:\/\/coeduc.org\/es\/personal\/","url":"https:\/\/coeduc.org\/es\/personal\/","name":"Personal - Cooperative for Education","isPartOf":{"@id":"https:\/\/coeduc.org\/es\/#website"},"primaryImageOfPage":{"@id":"https:\/\/coeduc.org\/es\/personal\/#primaryimage"},"image":{"@id":"https:\/\/coeduc.org\/es\/personal\/#primaryimage"},"thumbnailUrl":"https:\/\/coeduc.org\/es\/wp-content\/uploads\/2024\/04\/Joe.jpg","datePublished":"2017-10-11T18:15:59+00:00","dateModified":"2026-04-23T13:41:20+00:00","breadcrumb":{"@id":"https:\/\/coeduc.org\/es\/personal\/#breadcrumb"},"inLanguage":"en-US","potentialAction":[{"@type":"ReadAction","target":["https:\/\/coeduc.org\/es\/personal\/"]}]},{"@type":"ImageObject","inLanguage":"en-US","@id":"https:\/\/coeduc.org\/es\/personal\/#primaryimage","url":"https:\/\/coeduc.org\/es\/wp-content\/uploads\/2023\/11\/Joe.jpg","contentUrl":"https:\/\/coeduc.org\/es\/wp-content\/uploads\/2023\/11\/Joe.jpg","width":640,"height":640},{"@type":"BreadcrumbList","@id":"https:\/\/coeduc.org\/es\/personal\/#breadcrumb","itemListElement":[{"@type":"ListItem","position":1,"name":"Home","item":"https:\/\/coeduc.org\/es\/"},{"@type":"ListItem","position":2,"name":"Personal"}]},{"@type":"WebSite","@id":"https:\/\/coeduc.org\/es\/#website","url":"https:\/\/coeduc.org\/es\/","name":"Cooperative for Education","description":"Breaking the Cycle of Poverty in Guatemala","potentialAction":[{"@type":"SearchAction","target":{"@type":"EntryPoint","urlTemplate":"https:\/\/coeduc.org\/es\/?s={search_term_string}"},"query-input":{"@type":"PropertyValueSpecification","valueRequired":true,"valueName":"search_term_string"}}],"inLanguage":"en-US"}]}},"_links":{"self":[{"href":"https:\/\/coeduc.org\/es\/wp-json\/wp\/v2\/pages\/451","targetHints":{"allow":["GET"]}}],"collection":[{"href":"https:\/\/coeduc.org\/es\/wp-json\/wp\/v2\/pages"}],"about":[{"href":"https:\/\/coeduc.org\/es\/wp-json\/wp\/v2\/types\/page"}],"author":[{"embeddable":true,"href":"https:\/\/coeduc.org\/es\/wp-json\/wp\/v2\/users\/1"}],"replies":[{"embeddable":true,"href":"https:\/\/coeduc.org\/es\/wp-json\/wp\/v2\/comments?post=451"}],"version-history":[{"count":10,"href":"https:\/\/coeduc.org\/es\/wp-json\/wp\/v2\/pages\/451\/revisions"}],"predecessor-version":[{"id":3134,"href":"https:\/\/coeduc.org\/es\/wp-json\/wp\/v2\/pages\/451\/revisions\/3134"}],"wp:attachment":[{"href":"https:\/\/coeduc.org\/es\/wp-json\/wp\/v2\/media?parent=451"}],"curies":[{"name":"wp","href":"https:\/\/api.w.org\/{rel}","templated":true}]}}